{"id":10031,"date":"2010-09-13T11:29:30","date_gmt":"2010-09-13T09:29:30","guid":{"rendered":"http:\/\/www.it.tarnow.pl\/sai-dove-si-trova\/"},"modified":"2021-11-18T13:59:43","modified_gmt":"2021-11-18T12:59:43","slug":"sai-dove-si-trova","status":"publish","type":"page","link":"https:\/\/www.it.tarnow.pl\/it\/attrazioni\/sai-dove-si-trova\/","title":{"rendered":"Sai dove si trova"},"content":{"rendered":"<p><img loading=\"lazy\" decoding=\"async\" class=\"wp-image-205347 size-medium alignright\" src=\"http:\/\/www.it.tarnow.pl\/wp-content\/uploads\/2021\/06\/Tarn\u00f3w-Rynek-1-400x267.jpg\" alt=\"\" width=\"400\" height=\"267\" \/><\/p>\r\n<p><b>&#8220;La perla del rinascimento&#8221;<\/b><br \/>\r\n&#8220;La perla del rinascimento&#8221;, cos\u00ec chiamano la Citta\u0301 Vecchia di Tarn\u00f3w i piu\u0300 noti storici dell&#8217;arte in Polonia. Nel rinascimento Tarn\u00f3w era una delle pi\u00f9 belle citta\u0301 in Polonia. La maestosa chiesa parrocchiale, il magnifico Municipio, le affascinanti policromie sui muri esterni delle case con architettura molto interessante , creavano un fascino eccezionale. All&#8217; inizio del XVI secolo Tarn\u00f3w aveva circa 1200 abitanti. La citta\u0301 possedeva la cinta di fortificazione, le condutture d\u2019acqua e la fognatura. I cittadini nobili si occupavano dell&#8217;artigianato e del commercio. In quell\u2019epoca il proprietario di Tarn\u00f3w era un uomo colto, grande etmano della corona-Jan Tarnowski. La residenza in cui abitava per via di eredit\u00e0 fu costruita sulla montagna di s.Martino distante dalla citt\u00e0 circa 2 km da Tarn\u00f3w. Negli anni 20 del XVI secolo Tarn\u00f3w fu circondata dalle nuove fortificazioni, ricostruite dopo gli anni 60 dell&#8217;ultimo secolo, visibili fin d&#8217;oggi. Passeggiando lungo le vie di Tarn\u00f3w possiamo ammirare gli eccezionali casamenti rinascimentali nella Piazza del Mercato,la Casa della famiglia Miko\u0142ajowski, il Municipio, i monumenti funebri nella Basilica della Cattedrale ed anche i magnifici resti dominanti della citta\u0301-i resti del famoso castello della famiglia Tarnowski .<\/p>\r\n<p style=\"text-align: left;\">in pi\u00f9:<\/p>\r\n<ul>\r\n\t<li><a href=\"http:\/\/www.it.tarnow.pl\/it\/attrazioni\/tarnow-13\/\">Tarn\u00f3w<\/a><\/li>\r\n<\/ul>\r\n<p style=\"text-align: left;\">\u00a0<\/p>\r\n<p><a id=\"2\" name=\"2\"><\/a><\/p>\r\n<p><img loading=\"lazy\" decoding=\"async\" width=\"400\" height=\"300\" class=\"size-medium alignright wp-image-21106\" src=\"http:\/\/www.it.tarnow.pl\/wp-content\/uploads\/2019\/02\/Zalipie-Malowana-Wies-4-400x300.jpg\" alt=\"\" srcset=\"https:\/\/www.it.tarnow.pl\/wp-content\/uploads\/2019\/02\/Zalipie-Malowana-Wies-4-400x300.jpg 400w, https:\/\/www.it.tarnow.pl\/wp-content\/uploads\/2019\/02\/Zalipie-Malowana-Wies-4-768x576.jpg 768w, https:\/\/www.it.tarnow.pl\/wp-content\/uploads\/2019\/02\/Zalipie-Malowana-Wies-4-650x488.jpg 650w, https:\/\/www.it.tarnow.pl\/wp-content\/uploads\/2019\/02\/Zalipie-Malowana-Wies-4-300x225.jpg 300w, https:\/\/www.it.tarnow.pl\/wp-content\/uploads\/2019\/02\/Zalipie-Malowana-Wies-4.jpg 1024w\" sizes=\"auto, (max-width: 400px) 100vw, 400px\" \/><\/p>\r\n<p><b>Campagna &#8220;dipinta&#8221;<\/b><br \/>\r\nL&#8217;unica &#8220;campagna dipinta&#8221; in Polonia. Attualmente in Zalipie ci sono circa 30 capanne con la ricchezza delle caratteristiche pittoriche sulle pareti delle case. <br \/>\r\nAccanto alle pareti di casa e ai fabbricati rurali nell\u2019azienda di Felicja Cury\u0142owa (la filiale del Museo Regionale di Tarn\u00f3w) possiamo ammirare le splendide decorazioni all\u2019intero delle capanne.<\/p>\r\n<p style=\"text-align: left;\">in pi\u00f9:<\/p>\r\n<ul>\r\n\t<li><a href=\"http:\/\/www.it.tarnow.pl\/it\/attrazioni\/letnografia-e-il-folclore\/\">L&#8217;etnografia e il folclore<\/a><\/li>\r\n<\/ul>\r\n<p style=\"text-align: left;\">\u00a0<\/p>\r\n<p><a id=\"3\" name=\"3\"><\/a><\/p>\r\n<p><img loading=\"lazy\" decoding=\"async\" width=\"400\" height=\"300\" class=\"size-medium alignright wp-image-21095\" src=\"http:\/\/www.it.tarnow.pl\/wp-content\/uploads\/2019\/02\/Skrzyszow-Kosciol-p.w.-sw.-Stanislawa-Biskupa-2-400x300.jpg\" alt=\"\" srcset=\"https:\/\/www.it.tarnow.pl\/wp-content\/uploads\/2019\/02\/Skrzyszow-Kosciol-p.w.-sw.-Stanislawa-Biskupa-2-400x300.jpg 400w, https:\/\/www.it.tarnow.pl\/wp-content\/uploads\/2019\/02\/Skrzyszow-Kosciol-p.w.-sw.-Stanislawa-Biskupa-2-768x576.jpg 768w, https:\/\/www.it.tarnow.pl\/wp-content\/uploads\/2019\/02\/Skrzyszow-Kosciol-p.w.-sw.-Stanislawa-Biskupa-2-650x488.jpg 650w, https:\/\/www.it.tarnow.pl\/wp-content\/uploads\/2019\/02\/Skrzyszow-Kosciol-p.w.-sw.-Stanislawa-Biskupa-2-300x225.jpg 300w, https:\/\/www.it.tarnow.pl\/wp-content\/uploads\/2019\/02\/Skrzyszow-Kosciol-p.w.-sw.-Stanislawa-Biskupa-2.jpg 1024w\" sizes=\"auto, (max-width: 400px) 100vw, 400px\" \/><\/p>\r\n<p><b>La pi\u00f9 grande chiesa in legno:<\/b><br \/>\r\nSkrzysz\u00f3w &#8211; La Chiesa di San Stanislao \u00e8 stata costruita nel 1517 da Jan z Czchowa e fondata da Jan Amor Tarnowski, di cui ci informa la segnatura rimasta sul portale. \u00c8 la pi\u00f9 grande chiesa di legno e una delle pi\u00f9 belle nella Piccola Polonia.<\/p>\r\n<p style=\"text-align: left;\">in pi\u00f9:<\/p>\r\n<ul>\r\n\t<li><a href=\"http:\/\/www.it.tarnow.pl\/it\/attrazioni\/larchitettura-sacrale-in-legno\/\">L&#8217;architettura sacrale in legno<\/a><\/li>\r\n<\/ul>\r\n<p style=\"text-align: left;\">\u00a0<\/p>\r\n<p><a id=\"4\" name=\"4\"><\/a><\/p>\r\n<p><img loading=\"lazy\" decoding=\"async\" width=\"400\" height=\"300\" class=\"size-medium alignright wp-image-21117\" src=\"http:\/\/www.it.tarnow.pl\/wp-content\/uploads\/2019\/02\/Nowy-Wisnicz-Zamek-4-400x300.jpg\" alt=\"\" srcset=\"https:\/\/www.it.tarnow.pl\/wp-content\/uploads\/2019\/02\/Nowy-Wisnicz-Zamek-4-400x300.jpg 400w, https:\/\/www.it.tarnow.pl\/wp-content\/uploads\/2019\/02\/Nowy-Wisnicz-Zamek-4-768x576.jpg 768w, https:\/\/www.it.tarnow.pl\/wp-content\/uploads\/2019\/02\/Nowy-Wisnicz-Zamek-4-650x488.jpg 650w, https:\/\/www.it.tarnow.pl\/wp-content\/uploads\/2019\/02\/Nowy-Wisnicz-Zamek-4-300x225.jpg 300w, https:\/\/www.it.tarnow.pl\/wp-content\/uploads\/2019\/02\/Nowy-Wisnicz-Zamek-4.jpg 1024w\" sizes=\"auto, (max-width: 400px) 100vw, 400px\" \/><\/p>\r\n<p><b>La pi\u00f9 grande residenza dell&#8217;epoca barocca<\/b><br \/>\r\nNowy Wi\u015bnicz &#8211; La pi\u00f9 grande residenza difensiva dell&#8217;epoca barocca in Polonia. Nella prima parte del XV secolo, sotto il dominio di Piotr Kmita, il castello prese il suo specifico fascino rinascimentale. L&#8217;edificio principale del castello \u00e8 situato nel centro delle fortificazioni. <br \/>\r\n\u00c8 composto da quattro ali a due piani che circondano un piccolo cortile interno. <br \/>\r\nIl suo caratteristico aspetto si deve alle quattro torri angolate. Ogni torre \u00e8 diversa e per questo l&#8217;aspetto del castello \u00e8 diverso da ogni angolazione. L&#8217;attuale forma del castello appartiene agli anni 1615-1637, grazie al lavoro di Stanislao Lubomirski. In quel tempo il castello \u00e8 stato rinnovato e circondato dalle fortificazioni di pietra con l&#8217;edificio portale, le roccaforti e con le cortine di mattoni.<\/p>\r\n<p style=\"text-align: left;\">in pi\u00f9:<\/p>\r\n<ul>\r\n\t<li><a href=\"http:\/\/www.it.tarnow.pl\/it\/attrazioni\/i-castelli\/\">I castelli<\/a><\/li>\r\n<\/ul>\r\n<p style=\"text-align: left;\">\u00a0<\/p>\r\n<p><a id=\"5\" name=\"5\"><\/a><\/p>\r\n<p><img loading=\"lazy\" decoding=\"async\" width=\"400\" height=\"300\" class=\"size-medium alignright wp-image-21123\" src=\"http:\/\/www.it.tarnow.pl\/wp-content\/uploads\/2019\/02\/Ciezkowice-Skamieniale-Miasto-2-400x300.jpg\" alt=\"\" srcset=\"https:\/\/www.it.tarnow.pl\/wp-content\/uploads\/2019\/02\/Ciezkowice-Skamieniale-Miasto-2-400x300.jpg 400w, https:\/\/www.it.tarnow.pl\/wp-content\/uploads\/2019\/02\/Ciezkowice-Skamieniale-Miasto-2-768x576.jpg 768w, https:\/\/www.it.tarnow.pl\/wp-content\/uploads\/2019\/02\/Ciezkowice-Skamieniale-Miasto-2-650x488.jpg 650w, https:\/\/www.it.tarnow.pl\/wp-content\/uploads\/2019\/02\/Ciezkowice-Skamieniale-Miasto-2-300x225.jpg 300w, https:\/\/www.it.tarnow.pl\/wp-content\/uploads\/2019\/02\/Ciezkowice-Skamieniale-Miasto-2.jpg 1024w\" sizes=\"auto, (max-width: 400px) 100vw, 400px\" \/><\/p>\r\n<p><b>La citt\u00e0 pietrificata<\/b><br \/>\r\nLa Citt\u00e0 Pietrificata \u00e8 una riserva naturale situata nella valle del fiume Bia\u0142a vicino al paese Ci\u0119\u017ckowice. La riserva ha la superficie di circa 15 ha ed \u00e8 stata istituita nel 1931.<br \/>\r\nTra la foresta mista (quercie e pini) si possono ammirare fantastiche formazioni rocciose di grandi dimensioni. Le loro forme sono di fantasia straordinaria grazie ai processi di erosione. Tra queste roccie si trovano: i pulpiti, le clave ed i funghi di roccia. I nomi che gli sono stati dati illustrano la loro forma, p.e.: &#8220;La clava&#8221;, &#8220;La Piramide&#8221;, &#8220;La Torre&#8221;, &#8221; I Tassi&#8221;, &#8220;Grunwald&#8221; (per commemorare la grande battaglia vinta dai polacchi), &#8220;Il Municipio&#8221; e &#8220;La Strega&#8221;. Nella riserva si trova anche una piccola cascata.<br \/>\r\nIl nome della riserva proviene da una leggenda popolare secondo la quale le roccie sono i resti di una citt\u00e0 trasformata in pietra per la violazione del diritto di ospitalit\u00e1 oppure per la vita dissoluta dei suoi cittadini.<\/p>\r\n<p style=\"text-align: left;\">Vuoi sapere di pi\u00f9:<\/p>\r\n<ul>\r\n\t<li><a href=\"http:\/\/www.it.tarnow.pl\/it\/attrazioni\/la-natura\/\">La natura<\/a><\/li>\r\n<\/ul>\r\n<p style=\"text-align: left;\">\u00a0<\/p>\r\n<p><a id=\"6\" name=\"6\"><\/a><\/p>\r\n<p><img loading=\"lazy\" decoding=\"async\" width=\"120\" height=\"162\" class=\"size-medium alignright wp-image-35695\" src=\"http:\/\/www.it.tarnow.pl\/wp-content\/uploads\/2019\/02\/Lipnica_Easter_Palm_Contest_small.jpg\" alt=\"\" \/><\/p>\r\n<p><b>Le pi\u00f9 alte palme di Pasqua<\/b><br \/>\r\nLipnica Murowana &#8211; Piccola localit\u00e1 con benconservata disposizione urbanistica medievale. <br \/>\r\n\u00c8 famosa per l\u2019annuale concorso delle palme di Pasqua che spesso arrivano fino a 35 metri di altezza.<\/p>\r\n<p style=\"text-align: left;\">Vuoi sapere di pi\u00f9:<\/p>\r\n<ul>\r\n\t<li><a href=\"http:\/\/www.it.tarnow.pl\/it\/attrazioni\/letnografia-e-il-folclore\/\">L&#8217;etnografia e il folclore<\/a><\/li>\r\n<\/ul>\r\n<p style=\"text-align: left;\">\u00a0<\/p>\r\n<p><a id=\"7\" name=\"7\"><\/a><\/p>\r\n<p><img loading=\"lazy\" decoding=\"async\" width=\"103\" height=\"200\" class=\"size-medium alignright wp-image-25637\" src=\"http:\/\/www.it.tarnow.pl\/wp-content\/uploads\/2019\/02\/70_2-1.jpg\" alt=\"\" \/><\/p>\r\n<p><b>Miniera del Sale a Bochnia<\/b><br \/>\r\nLa miniera del sale di Bochnia, \u00e8 una delle pi\u00f9 vecchie miniere presenti nei terreni polacchi ed \u00e8 anche la pi\u00f9 vecchia in Europa, in attivit\u00e0 dal 1248. Dopo otto secoli dalla prima estrazione del sale, si ricorda l\u2019unica nel suo genere, irripetibile e misteriosa citt\u00e1 sotterranea.<br \/>\r\nSulla via turistica, possiamo ammirare le cappelle storiche ricavate dal sale , gli strumenti originali e gli impianti minerari come le magnifiche camere fatte di sale con le traccie dei lavori esplorativi.<br \/>\r\nNella miniera di Bochnia c\u2019 \u00e8 anche la ferrovia sotteranea,lo scivolo e il campo sportivo.<br \/>\r\nPer accontentare i visitatori la Miniera del Sale, offre dei posti dove possiamo rilassarci, organizzare meeting, incontri integrativi e banchetti. Sulla lista dell&#8217;UNESCO dal 2013.<\/p>\r\n<p style=\"text-align: left;\">in pi\u00f9:<\/p>\r\n<ul>\r\n\t<li><a href=\"http:\/\/www.it.tarnow.pl\/it\/attrazioni\/miniera-del-sale-a-bochnia\/\">La miniera di sale di Bochnia<\/a><\/li>\r\n<\/ul>\r\n<p style=\"text-align: left;\">\u00a0<\/p>\r\n<p><a id=\"8\" name=\"8\"><\/a><\/p>\r\n<p><img loading=\"lazy\" decoding=\"async\" width=\"147\" height=\"211\" class=\"size-medium alignright wp-image-21146\" src=\"http:\/\/www.it.tarnow.pl\/wp-content\/uploads\/2019\/02\/heller.jpg\" alt=\"\" \/><\/p>\r\n<p><b>La citt\u00e0 natale del prete professore Michal Heller, il primo polacco a ottenere il premio Templeton?<\/b><br \/>\r\nIl prete professore Michal Heller, nato a Tarnow il 12 marzo 1936 \u00e8 il primo polaccho che ha ottenuto uno dei piu prestigiosi premi nel mondo \u2013 il premio Templeton, assegnato alla personalit\u00e0 che hanno dato particolari contributi nell\u2019ambito della religione. <br \/>\r\nIl prete Heller \u00e8 laureato al Seminario di Tarnow, \u00e8 il premio decano della Facolt\u00e0 di Teologia \u00e0 Tarnow. Inoltre, \u00e8 un famoso fisico, cosmologista, filosofo, teologo, il membro della Specola Vaticana, Pontificia Accademia delle Scienze, Societ\u00e0 Polacca di Fisica (Polskie Towarzystwo Fizyczne), Societ\u00e0 Polacca dell\u2019Astronomia (Polskie Towarzystwo Astronomiczne), Societ\u00e0 Internazionale di Relativit\u00e0 Generale e Fisica della Gravitazione (International Society for General Relativity and Gravitation), Societ\u00e0 Europea di Fisica (European Physical Society), del Centro della Teologia e delle Scienze Naturali ( Center for Theology and the Natural Science). E l\u2019autore ed il coautore delle pubblicazioni scientifiche e universitario della Pontificia Accademia Teologica a Cracovia.<\/p>","protected":false},"excerpt":{"rendered":"&#8220;La perla del rinascimento&#8221; &#8220;La perla del rinascimento&#8221;, cos\u00ec chiamano la Citta\u0301 Vecchia di Tarn\u00f3w i piu\u0300 noti storici dell&#8217;arte in Polonia. Nel rinascimento Tarn\u00f3w era una delle pi\u00f9 belle [&hellip;]","protected":false},"author":1,"featured_media":0,"parent":10029,"menu_order":776,"comment_status":"closed","ping_status":"closed","template":"","meta":{"_acf_changed":false,"footnotes":""},"tags":[],"class_list":["post-10031","page","type-page","status-publish","hentry"],"acf":{"old_object_id":"5947","old_parent_id":"7067","old_url":"Attrazioni\/Sai-dove-si-trova","intro_text":"","show_children":"1","class":"folder","type":"single","in_menu":true,"show_date":false,"map":"","old_id":"","rooms_info":"","top_column":"","left_column":"","right_column":"","bottom_column":"","skip_import":false,"_menu_related_id":"96424"},"yoast_head":"<!-- This site is optimized with the Yoast SEO Premium plugin v25.4 (Yoast SEO v25.4) - https:\/\/yoast.com\/wordpress\/plugins\/seo\/ -->\n<title>Sai dove si trova - Tarnowskie Centrum Informacji<\/title>\n<meta name=\"robots\" content=\"index, follow, max-snippet:-1, max-image-preview:large, max-video-preview:-1\" \/>\n<link rel=\"canonical\" href=\"https:\/\/www.it.tarnow.pl\/it\/attrazioni\/sai-dove-si-trova\/\" \/>\n<meta property=\"og:locale\" content=\"it_IT\" \/>\n<meta property=\"og:type\" content=\"article\" \/>\n<meta property=\"og:title\" content=\"Sai dove si trova\" \/>\n<meta property=\"og:description\" content=\"&#8220;La perla del rinascimento&#8221; &#8220;La perla del rinascimento&#8221;, cos\u00ec chiamano la Citta\u0301 Vecchia di Tarn\u00f3w i piu\u0300 noti storici dell&#8217;arte in Polonia. Nel rinascimento Tarn\u00f3w era una delle pi\u00f9 belle [&hellip;]\" \/>\n<meta property=\"og:url\" content=\"https:\/\/www.it.tarnow.pl\/it\/attrazioni\/sai-dove-si-trova\/\" \/>\n<meta property=\"og:site_name\" content=\"Tarnowskie Centrum Informacji\" \/>\n<meta property=\"article:modified_time\" content=\"2021-11-18T12:59:43+00:00\" \/>\n<meta property=\"og:image\" content=\"http:\/\/www.it.tarnow.pl\/wp-content\/uploads\/2019\/02\/Zalipie-Malowana-Wies-4-400x300.jpg\" \/>\n<meta name=\"twitter:card\" content=\"summary_large_image\" \/>\n<meta name=\"twitter:label1\" content=\"Tempo di lettura stimato\" \/>\n\t<meta name=\"twitter:data1\" content=\"5 minuti\" \/>\n<script type=\"application\/ld+json\" class=\"yoast-schema-graph\">{\"@context\":\"https:\/\/schema.org\",\"@graph\":[{\"@type\":\"WebPage\",\"@id\":\"https:\/\/www.it.tarnow.pl\/it\/attrazioni\/sai-dove-si-trova\/\",\"url\":\"https:\/\/www.it.tarnow.pl\/it\/attrazioni\/sai-dove-si-trova\/\",\"name\":\"Sai dove si trova - Tarnowskie Centrum Informacji\",\"isPartOf\":{\"@id\":\"https:\/\/www.it.tarnow.pl\/#website\"},\"primaryImageOfPage\":{\"@id\":\"https:\/\/www.it.tarnow.pl\/it\/attrazioni\/sai-dove-si-trova\/#primaryimage\"},\"image\":{\"@id\":\"https:\/\/www.it.tarnow.pl\/it\/attrazioni\/sai-dove-si-trova\/#primaryimage\"},\"thumbnailUrl\":\"http:\/\/www.it.tarnow.pl\/wp-content\/uploads\/2019\/02\/Zalipie-Malowana-Wies-4-400x300.jpg\",\"datePublished\":\"2010-09-13T09:29:30+00:00\",\"dateModified\":\"2021-11-18T12:59:43+00:00\",\"breadcrumb\":{\"@id\":\"https:\/\/www.it.tarnow.pl\/it\/attrazioni\/sai-dove-si-trova\/#breadcrumb\"},\"inLanguage\":\"it-IT\",\"potentialAction\":[{\"@type\":\"ReadAction\",\"target\":[\"https:\/\/www.it.tarnow.pl\/it\/attrazioni\/sai-dove-si-trova\/\"]}]},{\"@type\":\"ImageObject\",\"inLanguage\":\"it-IT\",\"@id\":\"https:\/\/www.it.tarnow.pl\/it\/attrazioni\/sai-dove-si-trova\/#primaryimage\",\"url\":\"http:\/\/www.it.tarnow.pl\/wp-content\/uploads\/2019\/02\/Zalipie-Malowana-Wies-4-400x300.jpg\",\"contentUrl\":\"http:\/\/www.it.tarnow.pl\/wp-content\/uploads\/2019\/02\/Zalipie-Malowana-Wies-4-400x300.jpg\"},{\"@type\":\"BreadcrumbList\",\"@id\":\"https:\/\/www.it.tarnow.pl\/it\/attrazioni\/sai-dove-si-trova\/#breadcrumb\",\"itemListElement\":[{\"@type\":\"ListItem\",\"position\":1,\"name\":\"Pagina iniziale\",\"item\":\"https:\/\/www.it.tarnow.pl\/it\/\"},{\"@type\":\"ListItem\",\"position\":2,\"name\":\"Attrazioni\",\"item\":\"https:\/\/www.it.tarnow.pl\/it\/attrazioni\/\"},{\"@type\":\"ListItem\",\"position\":3,\"name\":\"Sai dove si trova\"}]},{\"@type\":\"WebSite\",\"@id\":\"https:\/\/www.it.tarnow.pl\/#website\",\"url\":\"https:\/\/www.it.tarnow.pl\/\",\"name\":\"Tarnowskie Centrum Informacji\",\"description\":\"Informacja turystyczna o Tarnowie i regionie tarnowskim.\",\"potentialAction\":[{\"@type\":\"SearchAction\",\"target\":{\"@type\":\"EntryPoint\",\"urlTemplate\":\"https:\/\/www.it.tarnow.pl\/?s={search_term_string}\"},\"query-input\":{\"@type\":\"PropertyValueSpecification\",\"valueRequired\":true,\"valueName\":\"search_term_string\"}}],\"inLanguage\":\"it-IT\"}]}<\/script>\n<!-- \/ Yoast SEO Premium plugin. -->","yoast_head_json":{"title":"Sai dove si trova - Tarnowskie Centrum Informacji","robots":{"index":"index","follow":"follow","max-snippet":"max-snippet:-1","max-image-preview":"max-image-preview:large","max-video-preview":"max-video-preview:-1"},"canonical":"https:\/\/www.it.tarnow.pl\/it\/attrazioni\/sai-dove-si-trova\/","og_locale":"it_IT","og_type":"article","og_title":"Sai dove si trova","og_description":"&#8220;La perla del rinascimento&#8221; &#8220;La perla del rinascimento&#8221;, cos\u00ec chiamano la Citta\u0301 Vecchia di Tarn\u00f3w i piu\u0300 noti storici dell&#8217;arte in Polonia. Nel rinascimento Tarn\u00f3w era una delle pi\u00f9 belle [&hellip;]","og_url":"https:\/\/www.it.tarnow.pl\/it\/attrazioni\/sai-dove-si-trova\/","og_site_name":"Tarnowskie Centrum Informacji","article_modified_time":"2021-11-18T12:59:43+00:00","og_image":[{"url":"http:\/\/www.it.tarnow.pl\/wp-content\/uploads\/2019\/02\/Zalipie-Malowana-Wies-4-400x300.jpg","type":"","width":"","height":""}],"twitter_card":"summary_large_image","twitter_misc":{"Tempo di lettura stimato":"5 minuti"},"schema":{"@context":"https:\/\/schema.org","@graph":[{"@type":"WebPage","@id":"https:\/\/www.it.tarnow.pl\/it\/attrazioni\/sai-dove-si-trova\/","url":"https:\/\/www.it.tarnow.pl\/it\/attrazioni\/sai-dove-si-trova\/","name":"Sai dove si trova - Tarnowskie Centrum Informacji","isPartOf":{"@id":"https:\/\/www.it.tarnow.pl\/#website"},"primaryImageOfPage":{"@id":"https:\/\/www.it.tarnow.pl\/it\/attrazioni\/sai-dove-si-trova\/#primaryimage"},"image":{"@id":"https:\/\/www.it.tarnow.pl\/it\/attrazioni\/sai-dove-si-trova\/#primaryimage"},"thumbnailUrl":"http:\/\/www.it.tarnow.pl\/wp-content\/uploads\/2019\/02\/Zalipie-Malowana-Wies-4-400x300.jpg","datePublished":"2010-09-13T09:29:30+00:00","dateModified":"2021-11-18T12:59:43+00:00","breadcrumb":{"@id":"https:\/\/www.it.tarnow.pl\/it\/attrazioni\/sai-dove-si-trova\/#breadcrumb"},"inLanguage":"it-IT","potentialAction":[{"@type":"ReadAction","target":["https:\/\/www.it.tarnow.pl\/it\/attrazioni\/sai-dove-si-trova\/"]}]},{"@type":"ImageObject","inLanguage":"it-IT","@id":"https:\/\/www.it.tarnow.pl\/it\/attrazioni\/sai-dove-si-trova\/#primaryimage","url":"http:\/\/www.it.tarnow.pl\/wp-content\/uploads\/2019\/02\/Zalipie-Malowana-Wies-4-400x300.jpg","contentUrl":"http:\/\/www.it.tarnow.pl\/wp-content\/uploads\/2019\/02\/Zalipie-Malowana-Wies-4-400x300.jpg"},{"@type":"BreadcrumbList","@id":"https:\/\/www.it.tarnow.pl\/it\/attrazioni\/sai-dove-si-trova\/#breadcrumb","itemListElement":[{"@type":"ListItem","position":1,"name":"Pagina iniziale","item":"https:\/\/www.it.tarnow.pl\/it\/"},{"@type":"ListItem","position":2,"name":"Attrazioni","item":"https:\/\/www.it.tarnow.pl\/it\/attrazioni\/"},{"@type":"ListItem","position":3,"name":"Sai dove si trova"}]},{"@type":"WebSite","@id":"https:\/\/www.it.tarnow.pl\/#website","url":"https:\/\/www.it.tarnow.pl\/","name":"Tarnowskie Centrum Informacji","description":"Informacja turystyczna o Tarnowie i regionie tarnowskim.","potentialAction":[{"@type":"SearchAction","target":{"@type":"EntryPoint","urlTemplate":"https:\/\/www.it.tarnow.pl\/?s={search_term_string}"},"query-input":{"@type":"PropertyValueSpecification","valueRequired":true,"valueName":"search_term_string"}}],"inLanguage":"it-IT"}]}},"_links":{"self":[{"href":"https:\/\/www.it.tarnow.pl\/it\/wp-json\/wp\/v2\/pages\/10031","targetHints":{"allow":["GET"]}}],"collection":[{"href":"https:\/\/www.it.tarnow.pl\/it\/wp-json\/wp\/v2\/pages"}],"about":[{"href":"https:\/\/www.it.tarnow.pl\/it\/wp-json\/wp\/v2\/types\/page"}],"author":[{"embeddable":true,"href":"https:\/\/www.it.tarnow.pl\/it\/wp-json\/wp\/v2\/users\/1"}],"replies":[{"embeddable":true,"href":"https:\/\/www.it.tarnow.pl\/it\/wp-json\/wp\/v2\/comments?post=10031"}],"version-history":[{"count":0,"href":"https:\/\/www.it.tarnow.pl\/it\/wp-json\/wp\/v2\/pages\/10031\/revisions"}],"up":[{"embeddable":true,"href":"https:\/\/www.it.tarnow.pl\/it\/wp-json\/wp\/v2\/pages\/10029"}],"wp:attachment":[{"href":"https:\/\/www.it.tarnow.pl\/it\/wp-json\/wp\/v2\/media?parent=10031"}],"wp:term":[{"taxonomy":"post_tag","embeddable":true,"href":"https:\/\/www.it.tarnow.pl\/it\/wp-json\/wp\/v2\/tags?post=10031"}],"curies":[{"name":"wp","href":"https:\/\/api.w.org\/{rel}","templated":true}]}}