{"id":10074,"date":"2011-03-18T10:45:38","date_gmt":"2011-03-18T09:45:38","guid":{"rendered":"http:\/\/www.it.tarnow.pl\/szakralis-turizmus\/"},"modified":"2019-04-03T15:20:27","modified_gmt":"2019-04-03T13:20:27","slug":"szakralis-turizmus","status":"publish","type":"page","link":"https:\/\/www.it.tarnow.pl\/hu\/attrakciok\/szakralis-turizmus\/","title":{"rendered":"Szakr\u00e1lis turizmus"},"content":{"rendered":"<img loading=\"lazy\" decoding=\"async\" width=\"400\" height=\"300\" class=\"size-medium alignright wp-image-21158\" src=\"http:\/\/www.it.tarnow.pl\/wp-content\/uploads\/2019\/02\/TARNOW-Muzeum-Diecezjalne-400x300.jpg\" alt=\"\" srcset=\"https:\/\/www.it.tarnow.pl\/wp-content\/uploads\/2019\/02\/TARNOW-Muzeum-Diecezjalne-400x300.jpg 400w, https:\/\/www.it.tarnow.pl\/wp-content\/uploads\/2019\/02\/TARNOW-Muzeum-Diecezjalne-768x576.jpg 768w, https:\/\/www.it.tarnow.pl\/wp-content\/uploads\/2019\/02\/TARNOW-Muzeum-Diecezjalne-650x488.jpg 650w, https:\/\/www.it.tarnow.pl\/wp-content\/uploads\/2019\/02\/TARNOW-Muzeum-Diecezjalne-300x225.jpg 300w, https:\/\/www.it.tarnow.pl\/wp-content\/uploads\/2019\/02\/TARNOW-Muzeum-Diecezjalne.jpg 1024w\" sizes=\"auto, (max-width: 400px) 100vw, 400px\" \/><p>A tarn\u00f3wi r\u00e9gi\u00f3 nagyon fontos helyet foglal el a vil\u00e1g szakr\u00e1lis t\u00e9rk\u00e9p\u00e9n. A tarn\u00f3wi egyh\u00e1zmegy\u00e9hez tartoz\u00f3 Tarn\u00f3wi Papi Szemin\u00e1rium a legnagyobb a vil\u00e1gon, innen ker\u00fcl ki a legt\u00f6bb misszion\u00e1rius, akik azt\u00e1n sz\u00e9tsz\u00f3r\u00f3dnak a vil\u00e1gban, s itt tal\u00e1lhat\u00f3 Lengyelorsz\u00e1g legr\u00e9gebbi Egyh\u00e1zmegyei M\u00fazeuma is. Sz\u00e1mos szent kultuszhelye &#8211; k\u00fcl\u00f6n\u00f6sen Szent M\u00e1ri\u00e1\u00e9 &#8211; rendk\u00edv\u00fcli ezen a ter\u00fcleten, melyek k\u00f6z\u00fcl a legismertebb a tuch\u00f3wi M\u00e1ria Szent\u00e9ly, ahov\u00e1 \u00e9vente t\u00f6bbsz\u00e1zezer zar\u00e1ndok l\u00e1togat el. E ter\u00fclet rendk\u00edv\u00fclis\u00e9g\u00e9t maga II. J\u00e1nos P\u00e1l p\u00e1pa is kifejezte 1987. j\u00fanius 9-ei tarn\u00f3wi l\u00e1togat\u00e1sa sor\u00e1n a h\u00edvek fel\u00e9 int\u00e9zett szavaiban: &#8222;Fogalmatok sincs, hogy mennyire szerettem mindig Tarn\u00f3wba j\u00f6nni!&#8221;<\/p>\n<p> A sz\u00e9kesegyh\u00e1zat k\u00f6r\u00fclvev\u0151 XVI. sz\u00e1zadi m\u0171eml\u00e9k\u00e9p\u00fcletekben helyezkedik el a <b>Tarn\u00f3wi Egyh\u00e1zmegyei M\u00fazeum<\/b>, mely Lengyelorsz\u00e1gban a legr\u00e9gebbi. A gy\u0171jtem\u00e9ny legfontosabb r\u00e9sz\u00e9t a c\u00e9hes m\u0171v\u00e9szet k\u00e9pezi, Kislengyelorsz\u00e1g ter\u00fclet\u00e9nek g\u00f3tikus szobr\u00e1szati \u00e9s fest\u00e9szeti eml\u00e9kei. A gy\u0171jtem\u00e9ny m\u00e1sik r\u00e9sz\u00e9t a k\u00f6z\u00e9pkort\u00f3l a XIX. sz\u00e1zadig k\u00e9sz\u00edtett egyh\u00e1zi sz\u00f6vetek (orn\u00e1tusok, papi pal\u00e1stok stb.) alkotj\u00e1k.<\/p>\n<p> A m\u00fazeumnak n\u00e9pm\u0171v\u00e9szeti r\u00e9szlege is van, k\u00fcl\u00f6n\u00f6sen \u00e9rdekes eur\u00f3pai \u00e9s m\u00e1s kontinensekr\u0151l sz\u00e1rmaz\u00f3, \u00fcvegre festett n\u00e9pm\u0171v\u00e9szeti k\u00e9pekkel. L\u00e1tni lehet modern n\u00e9pi fafarag\u00e1sokat, s n\u00e9h\u00e1ny lengyel fest\u0151 (t\u00f6bbek k\u00f6z\u00f6tt.: Jacek Malczewski, Vlastimil Hofman, Kazimierz Sichulski, Woiciech Weiss) k\u00e9peinek gy\u0171jtem\u00e9ny\u00e9t is.<\/p>\n<p>\u00a0<\/p> <img loading=\"lazy\" decoding=\"async\" width=\"300\" height=\"400\" class=\"size-medium alignleft wp-image-25602\" src=\"http:\/\/www.it.tarnow.pl\/wp-content\/uploads\/2019\/02\/Zabawa-sanktuarium-2012-MP-1-_1-300x400.jpg\" alt=\"\" srcset=\"https:\/\/www.it.tarnow.pl\/wp-content\/uploads\/2019\/02\/Zabawa-sanktuarium-2012-MP-1-_1-300x400.jpg 300w, https:\/\/www.it.tarnow.pl\/wp-content\/uploads\/2019\/02\/Zabawa-sanktuarium-2012-MP-1-_1-225x300.jpg 225w, https:\/\/www.it.tarnow.pl\/wp-content\/uploads\/2019\/02\/Zabawa-sanktuarium-2012-MP-1-_1.jpg 482w\" sizes=\"auto, (max-width: 300px) 100vw, 300px\" \/><p><b>Zabawa<\/b>. Boldog Karolina K\u00f3zk\u00f3wna szent\u00e9ly. 1987. j\u00fanius 10-\u00e9n avatta boldogg\u00e1 Tarn\u00f3wban II. J\u00e1nos P\u00e1l p\u00e1pa, a szentt\u00e9 avat\u00e1s\u00e1ra ir\u00e1nyul\u00f3 t\u00f6rekv\u00e9sek jelenleg is tartanak. Boldog Karolin\u00e1t 16 \u00e9ves kor\u00e1ban meggyilkolta egy orosz katona az I. Vil\u00e1gh\u00e1bor\u00fa idej\u00e9n. Sz\u00fcl\u0151hely\u00e9n \u00e9s k\u00f6rny\u00e9k\u00e9n megtekinthet\u0151 Boldog Karolina m\u00fazeumm\u00e1 alak\u00edtott sz\u00fcl\u0151h\u00e1za, a pl\u00e9b\u00e1niatemplom, ahol megkeresztelt\u00e9k \u00e9s amelyben f\u00f6ldi maradv\u00e1nyait elhelyezt\u00e9k, valamint hal\u00e1l\u00e1nak helysz\u00edne. 2002 november\u00e9t\u0151l \u00faj kultikus hely els\u0151 temet\u00e9s\u00e9nek helysz\u00edne, a zabawai pl\u00e9b\u00e1nia temet\u0151je, az ott tal\u00e1lhat\u00f3 Szenved\u0151 Krisztus szoborral. \u00c9vente t\u00f6bb t\u00edzezer zar\u00e1ndok l\u00e1togat el a szent\u00e9lyhez.<\/p>\n<p>\u00a0<\/p> <img loading=\"lazy\" decoding=\"async\" width=\"400\" height=\"300\" class=\"size-medium alignright wp-image-25582\" src=\"http:\/\/www.it.tarnow.pl\/wp-content\/uploads\/2019\/02\/100_6107_1-Jamna-sanktuarium-400x300.jpg\" alt=\"\" srcset=\"https:\/\/www.it.tarnow.pl\/wp-content\/uploads\/2019\/02\/100_6107_1-Jamna-sanktuarium-400x300.jpg 400w, https:\/\/www.it.tarnow.pl\/wp-content\/uploads\/2019\/02\/100_6107_1-Jamna-sanktuarium-768x576.jpg 768w, https:\/\/www.it.tarnow.pl\/wp-content\/uploads\/2019\/02\/100_6107_1-Jamna-sanktuarium-650x488.jpg 650w, https:\/\/www.it.tarnow.pl\/wp-content\/uploads\/2019\/02\/100_6107_1-Jamna-sanktuarium-300x225.jpg 300w, https:\/\/www.it.tarnow.pl\/wp-content\/uploads\/2019\/02\/100_6107_1-Jamna-sanktuarium.jpg 1024w\" sizes=\"auto, (max-width: 400px) 100vw, 400px\" \/><p><b>Jamna<\/b>. A dominik\u00e1nus Jan G\u00f3ra (a &#8222;Lednica&#8221; ifj\u00fas\u00e1gi tal\u00e1lkoz\u00f3 l\u00e9trehoz\u00f3ja) \u00e1ltal \u00e9p\u00edttetett Csalhatatlan Rem\u00e9ny\u0171 Sz\u0171z M\u00e1ria szent\u00e9ly. A CsRSzM ikonja &#8211; a k\u00e9pet II. J\u00e1nos P\u00e1l p\u00e1pa koron\u00e1zta meg 1988. j\u00fanius 3-\u00e1n &#8211; a Lengyelorsz\u00e1g hercegpr\u00edm\u00e1sa, J\u00f3zef Glemp \u00e1ltal 2001. m\u00e1jus 3-\u00e1n felszentelt templomban tal\u00e1lhat\u00f3. A templom mellett \u00e1ll a fiatalok sz\u00e1m\u00e1ra fenntartott Dominik\u00e1nus Lelkip\u00e1sztori K\u00f6zpont. A b\u00facs\u00fa augusztus 15-\u00e9n van. Egy nappal kor\u00e1bban viszont a jamnai erd\u0151k \u00e9s dombok csod\u00e1latos sz\u00ednpada szolg\u00e1l helysz\u00ednk\u00e9nt egy ritk\u00e1n l\u00e1tott szertart\u00e1snak, a Sz\u0171z Anya \u00f6r\u00f6mteli temet\u00e9s\u00e9nek. &#8222;Berep\u00fcltem Jamn\u00e1t&#8221; &#8211; mondta II. J\u00e1nos P\u00e1l p\u00e1pa a dominik\u00e1nusokkal folytatott esti tal\u00e1lkoz\u00f3ja alatt 1999. j\u00fanius 19-\u00e9n a krakk\u00f3i Szenth\u00e1roms\u00e1g bazilik\u00e1ban. A helikopter a p\u00e1p\u00e1val a fed\u00e9lzet\u00e9n Jamna felett rep\u00fclt el Stary S\u0105czb\u00f3l Wadowic\u00e9be vezet\u0151 \u00fatja sor\u00e1n.<\/p>\n<p>\u00a0<\/p> <img loading=\"lazy\" decoding=\"async\" width=\"300\" height=\"400\" class=\"size-medium alignright wp-image-21464\" src=\"http:\/\/www.it.tarnow.pl\/wp-content\/uploads\/2019\/02\/TARNOW-Bazylika-katedralna-04-300x400.jpg\" alt=\"\" srcset=\"https:\/\/www.it.tarnow.pl\/wp-content\/uploads\/2019\/02\/TARNOW-Bazylika-katedralna-04-300x400.jpg 300w, https:\/\/www.it.tarnow.pl\/wp-content\/uploads\/2019\/02\/TARNOW-Bazylika-katedralna-04.jpg 768w, https:\/\/www.it.tarnow.pl\/wp-content\/uploads\/2019\/02\/TARNOW-Bazylika-katedralna-04-488x650.jpg 488w, https:\/\/www.it.tarnow.pl\/wp-content\/uploads\/2019\/02\/TARNOW-Bazylika-katedralna-04-225x300.jpg 225w\" sizes=\"auto, (max-width: 300px) 100vw, 300px\" \/><p><b>Sz\u00e9kesegyh\u00e1z<\/b>. A Kisebbik Tarn\u00f3wi Bazilika els\u0151sorban szent\u00e9ly, de egyben a v\u00e1ros egyik legkit\u0171n\u0151bb m\u0171eml\u00e9ke is. A XIV. sz\u00e1zadban \u00e9p\u00fclt, mai arculat\u00e1t az 1889-1900-as \u00e9vekben egy alapos fel\u00faj\u00edt\u00e1s \u00e9s r\u00e9szleges \u00e1t\u00e9p\u00edt\u00e9s ut\u00e1n nyerte el. Gazdag berendez\u00e9se, k\u00f6zt\u00fck a k\u00f3rus alatti, d\u00edszes h\u00e1tt\u00e1ml\u00e1j\u00fa g\u00f3tikus kanonoki stallumok (k\u00f3rus\u00fcl\u00e9sek), olt\u00e1rok, szobrok, epit\u00e1fiumok, festm\u00e9nyek, vitr\u00e1zsok a tarn\u00f3wi sz\u00e9kesegyh\u00e1zat Lengyelorsz\u00e1g legszebb szent\u00e9lyei k\u00f6z\u00e9 emelik.<\/p>\n<p> A sz\u00e9kesegyh\u00e1z nevezetes a Tarnowski csal\u00e1d renesz\u00e1nsz, \u00e9s az Ostrogski csal\u00e1d manierista s\u00edreml\u00e9keir\u0151l, melyek Lengyelorsz\u00e1g olyan m\u0171v\u00e9szeinek legkit\u0171n\u0151bb m\u0171alkot\u00e1sai k\u00f6z\u00e9 tartoznak, mint Bart\u0142omiej Berecci, Jan Maria Padovano \u00e9s Jan Pfister.<\/p>","protected":false},"excerpt":{"rendered":"A tarn\u00f3wi r\u00e9gi\u00f3 nagyon fontos helyet foglal el a vil\u00e1g szakr\u00e1lis t\u00e9rk\u00e9p\u00e9n. A tarn\u00f3wi egyh\u00e1zmegy\u00e9hez tartoz\u00f3 Tarn\u00f3wi Papi Szemin\u00e1rium a legnagyobb a vil\u00e1gon, innen ker\u00fcl ki a legt\u00f6bb misszion\u00e1rius, akik [&hellip;]","protected":false},"author":1,"featured_media":0,"parent":10061,"menu_order":375,"comment_status":"closed","ping_status":"closed","template":"","meta":{"_acf_changed":false,"footnotes":""},"tags":[],"class_list":["post-10074","page","type-page","status-publish","hentry"],"acf":{"in_menu":null,"show_date":null,"intro_text":"<img class=\"size-medium alignleft wp-image-21158\" src=\"http:\/\/www.it.tarnow.pl\/wp-content\/uploads\/2019\/02\/TARNOW-Muzeum-Diecezjalne-400x300.jpg\" alt=\"\"><p>A tarn\u00f3wi r\u00e9gi\u00f3 nagyon fontos helyet foglal el a vil\u00e1g szakr\u00e1lis t\u00e9rk\u00e9p\u00e9n. A tarn\u00f3wi egyh\u00e1zmegy\u00e9hez tartoz\u00f3 Tarn\u00f3wi Papi Szemin\u00e1rium a legnagyobb a vil\u00e1gon, innen ker\u00fcl ki a legt\u00f6bb misszion\u00e1rius, akik azt\u00e1n sz\u00e9tsz\u00f3r\u00f3dnak a vil\u00e1gban, s itt tal\u00e1lhat\u00f3 Lengyelorsz\u00e1g legr\u00e9gebbi Egyh\u00e1zmegyei M\u00fazeuma is. Sz\u00e1mos szent kultuszhelye - k\u00fcl\u00f6n\u00f6sen Szent M\u00e1ri\u00e1\u00e9 - rendk\u00edv\u00fcli ezen a ter\u00fcleten, melyek k\u00f6z\u00fcl a legismertebb a tuch\u00f3wi M\u00e1ria Szent\u00e9ly, ahov\u00e1 \u00e9vente t\u00f6bbsz\u00e1zezer zar\u00e1ndok l\u00e1togat el.<\/p>","map":null},"yoast_head":"<!-- This site is optimized with the Yoast SEO Premium plugin v25.4 (Yoast SEO v25.4) - https:\/\/yoast.com\/wordpress\/plugins\/seo\/ -->\n<title>Szakr\u00e1lis turizmus - Tarnowskie Centrum Informacji<\/title>\n<meta name=\"robots\" content=\"index, follow, max-snippet:-1, max-image-preview:large, max-video-preview:-1\" \/>\n<link rel=\"canonical\" href=\"https:\/\/www.it.tarnow.pl\/hu\/attrakciok\/szakralis-turizmus\/\" \/>\n<meta property=\"og:locale\" content=\"hu_HU\" \/>\n<meta property=\"og:type\" content=\"article\" \/>\n<meta property=\"og:title\" content=\"Szakr\u00e1lis turizmus\" \/>\n<meta property=\"og:description\" content=\"A tarn\u00f3wi r\u00e9gi\u00f3 nagyon fontos helyet foglal el a vil\u00e1g szakr\u00e1lis t\u00e9rk\u00e9p\u00e9n. A tarn\u00f3wi egyh\u00e1zmegy\u00e9hez tartoz\u00f3 Tarn\u00f3wi Papi Szemin\u00e1rium a legnagyobb a vil\u00e1gon, innen ker\u00fcl ki a legt\u00f6bb misszion\u00e1rius, akik [&hellip;]\" \/>\n<meta property=\"og:url\" content=\"https:\/\/www.it.tarnow.pl\/hu\/attrakciok\/szakralis-turizmus\/\" \/>\n<meta property=\"og:site_name\" content=\"Tarnowskie Centrum Informacji\" \/>\n<meta property=\"article:modified_time\" content=\"2019-04-03T13:20:27+00:00\" \/>\n<meta property=\"og:image\" content=\"http:\/\/www.it.tarnow.pl\/wp-content\/uploads\/2019\/02\/TARNOW-Muzeum-Diecezjalne-400x300.jpg\" \/>\n<meta name=\"twitter:card\" content=\"summary_large_image\" \/>\n<meta name=\"twitter:label1\" content=\"Becs\u00fclt olvas\u00e1si id\u0151\" \/>\n\t<meta name=\"twitter:data1\" content=\"4 perc\" \/>\n<script type=\"application\/ld+json\" class=\"yoast-schema-graph\">{\"@context\":\"https:\/\/schema.org\",\"@graph\":[{\"@type\":\"WebPage\",\"@id\":\"https:\/\/www.it.tarnow.pl\/hu\/attrakciok\/szakralis-turizmus\/\",\"url\":\"https:\/\/www.it.tarnow.pl\/hu\/attrakciok\/szakralis-turizmus\/\",\"name\":\"Szakr\u00e1lis turizmus - Tarnowskie Centrum Informacji\",\"isPartOf\":{\"@id\":\"https:\/\/www.it.tarnow.pl\/#website\"},\"primaryImageOfPage\":{\"@id\":\"https:\/\/www.it.tarnow.pl\/hu\/attrakciok\/szakralis-turizmus\/#primaryimage\"},\"image\":{\"@id\":\"https:\/\/www.it.tarnow.pl\/hu\/attrakciok\/szakralis-turizmus\/#primaryimage\"},\"thumbnailUrl\":\"http:\/\/www.it.tarnow.pl\/wp-content\/uploads\/2019\/02\/TARNOW-Muzeum-Diecezjalne-400x300.jpg\",\"datePublished\":\"2011-03-18T09:45:38+00:00\",\"dateModified\":\"2019-04-03T13:20:27+00:00\",\"breadcrumb\":{\"@id\":\"https:\/\/www.it.tarnow.pl\/hu\/attrakciok\/szakralis-turizmus\/#breadcrumb\"},\"inLanguage\":\"hu\",\"potentialAction\":[{\"@type\":\"ReadAction\",\"target\":[\"https:\/\/www.it.tarnow.pl\/hu\/attrakciok\/szakralis-turizmus\/\"]}]},{\"@type\":\"ImageObject\",\"inLanguage\":\"hu\",\"@id\":\"https:\/\/www.it.tarnow.pl\/hu\/attrakciok\/szakralis-turizmus\/#primaryimage\",\"url\":\"http:\/\/www.it.tarnow.pl\/wp-content\/uploads\/2019\/02\/TARNOW-Muzeum-Diecezjalne-400x300.jpg\",\"contentUrl\":\"http:\/\/www.it.tarnow.pl\/wp-content\/uploads\/2019\/02\/TARNOW-Muzeum-Diecezjalne-400x300.jpg\"},{\"@type\":\"BreadcrumbList\",\"@id\":\"https:\/\/www.it.tarnow.pl\/hu\/attrakciok\/szakralis-turizmus\/#breadcrumb\",\"itemListElement\":[{\"@type\":\"ListItem\",\"position\":1,\"name\":\"Kezd\u0151lap\",\"item\":\"https:\/\/www.it.tarnow.pl\/hu\/\"},{\"@type\":\"ListItem\",\"position\":2,\"name\":\"Attrakci\u00f3k\",\"item\":\"https:\/\/www.it.tarnow.pl\/hu\/attrakciok\/\"},{\"@type\":\"ListItem\",\"position\":3,\"name\":\"Szakr\u00e1lis turizmus\"}]},{\"@type\":\"WebSite\",\"@id\":\"https:\/\/www.it.tarnow.pl\/#website\",\"url\":\"https:\/\/www.it.tarnow.pl\/\",\"name\":\"Tarnowskie Centrum Informacji\",\"description\":\"Informacja turystyczna o Tarnowie i regionie tarnowskim.\",\"potentialAction\":[{\"@type\":\"SearchAction\",\"target\":{\"@type\":\"EntryPoint\",\"urlTemplate\":\"https:\/\/www.it.tarnow.pl\/?s={search_term_string}\"},\"query-input\":{\"@type\":\"PropertyValueSpecification\",\"valueRequired\":true,\"valueName\":\"search_term_string\"}}],\"inLanguage\":\"hu\"}]}<\/script>\n<!-- \/ Yoast SEO Premium plugin. -->","yoast_head_json":{"title":"Szakr\u00e1lis turizmus - Tarnowskie Centrum Informacji","robots":{"index":"index","follow":"follow","max-snippet":"max-snippet:-1","max-image-preview":"max-image-preview:large","max-video-preview":"max-video-preview:-1"},"canonical":"https:\/\/www.it.tarnow.pl\/hu\/attrakciok\/szakralis-turizmus\/","og_locale":"hu_HU","og_type":"article","og_title":"Szakr\u00e1lis turizmus","og_description":"A tarn\u00f3wi r\u00e9gi\u00f3 nagyon fontos helyet foglal el a vil\u00e1g szakr\u00e1lis t\u00e9rk\u00e9p\u00e9n. A tarn\u00f3wi egyh\u00e1zmegy\u00e9hez tartoz\u00f3 Tarn\u00f3wi Papi Szemin\u00e1rium a legnagyobb a vil\u00e1gon, innen ker\u00fcl ki a legt\u00f6bb misszion\u00e1rius, akik [&hellip;]","og_url":"https:\/\/www.it.tarnow.pl\/hu\/attrakciok\/szakralis-turizmus\/","og_site_name":"Tarnowskie Centrum Informacji","article_modified_time":"2019-04-03T13:20:27+00:00","og_image":[{"url":"http:\/\/www.it.tarnow.pl\/wp-content\/uploads\/2019\/02\/TARNOW-Muzeum-Diecezjalne-400x300.jpg","type":"","width":"","height":""}],"twitter_card":"summary_large_image","twitter_misc":{"Becs\u00fclt olvas\u00e1si id\u0151":"4 perc"},"schema":{"@context":"https:\/\/schema.org","@graph":[{"@type":"WebPage","@id":"https:\/\/www.it.tarnow.pl\/hu\/attrakciok\/szakralis-turizmus\/","url":"https:\/\/www.it.tarnow.pl\/hu\/attrakciok\/szakralis-turizmus\/","name":"Szakr\u00e1lis turizmus - Tarnowskie Centrum Informacji","isPartOf":{"@id":"https:\/\/www.it.tarnow.pl\/#website"},"primaryImageOfPage":{"@id":"https:\/\/www.it.tarnow.pl\/hu\/attrakciok\/szakralis-turizmus\/#primaryimage"},"image":{"@id":"https:\/\/www.it.tarnow.pl\/hu\/attrakciok\/szakralis-turizmus\/#primaryimage"},"thumbnailUrl":"http:\/\/www.it.tarnow.pl\/wp-content\/uploads\/2019\/02\/TARNOW-Muzeum-Diecezjalne-400x300.jpg","datePublished":"2011-03-18T09:45:38+00:00","dateModified":"2019-04-03T13:20:27+00:00","breadcrumb":{"@id":"https:\/\/www.it.tarnow.pl\/hu\/attrakciok\/szakralis-turizmus\/#breadcrumb"},"inLanguage":"hu","potentialAction":[{"@type":"ReadAction","target":["https:\/\/www.it.tarnow.pl\/hu\/attrakciok\/szakralis-turizmus\/"]}]},{"@type":"ImageObject","inLanguage":"hu","@id":"https:\/\/www.it.tarnow.pl\/hu\/attrakciok\/szakralis-turizmus\/#primaryimage","url":"http:\/\/www.it.tarnow.pl\/wp-content\/uploads\/2019\/02\/TARNOW-Muzeum-Diecezjalne-400x300.jpg","contentUrl":"http:\/\/www.it.tarnow.pl\/wp-content\/uploads\/2019\/02\/TARNOW-Muzeum-Diecezjalne-400x300.jpg"},{"@type":"BreadcrumbList","@id":"https:\/\/www.it.tarnow.pl\/hu\/attrakciok\/szakralis-turizmus\/#breadcrumb","itemListElement":[{"@type":"ListItem","position":1,"name":"Kezd\u0151lap","item":"https:\/\/www.it.tarnow.pl\/hu\/"},{"@type":"ListItem","position":2,"name":"Attrakci\u00f3k","item":"https:\/\/www.it.tarnow.pl\/hu\/attrakciok\/"},{"@type":"ListItem","position":3,"name":"Szakr\u00e1lis turizmus"}]},{"@type":"WebSite","@id":"https:\/\/www.it.tarnow.pl\/#website","url":"https:\/\/www.it.tarnow.pl\/","name":"Tarnowskie Centrum Informacji","description":"Informacja turystyczna o Tarnowie i regionie tarnowskim.","potentialAction":[{"@type":"SearchAction","target":{"@type":"EntryPoint","urlTemplate":"https:\/\/www.it.tarnow.pl\/?s={search_term_string}"},"query-input":{"@type":"PropertyValueSpecification","valueRequired":true,"valueName":"search_term_string"}}],"inLanguage":"hu"}]}},"_links":{"self":[{"href":"https:\/\/www.it.tarnow.pl\/hu\/wp-json\/wp\/v2\/pages\/10074","targetHints":{"allow":["GET"]}}],"collection":[{"href":"https:\/\/www.it.tarnow.pl\/hu\/wp-json\/wp\/v2\/pages"}],"about":[{"href":"https:\/\/www.it.tarnow.pl\/hu\/wp-json\/wp\/v2\/types\/page"}],"author":[{"embeddable":true,"href":"https:\/\/www.it.tarnow.pl\/hu\/wp-json\/wp\/v2\/users\/1"}],"replies":[{"embeddable":true,"href":"https:\/\/www.it.tarnow.pl\/hu\/wp-json\/wp\/v2\/comments?post=10074"}],"version-history":[{"count":0,"href":"https:\/\/www.it.tarnow.pl\/hu\/wp-json\/wp\/v2\/pages\/10074\/revisions"}],"up":[{"embeddable":true,"href":"https:\/\/www.it.tarnow.pl\/hu\/wp-json\/wp\/v2\/pages\/10061"}],"wp:attachment":[{"href":"https:\/\/www.it.tarnow.pl\/hu\/wp-json\/wp\/v2\/media?parent=10074"}],"wp:term":[{"taxonomy":"post_tag","embeddable":true,"href":"https:\/\/www.it.tarnow.pl\/hu\/wp-json\/wp\/v2\/tags?post=10074"}],"curies":[{"name":"wp","href":"https:\/\/api.w.org\/{rel}","templated":true}]}}