{"id":10061,"date":"2011-03-18T12:55:59","date_gmt":"2011-03-18T11:55:59","guid":{"rendered":"http:\/\/www.it.tarnow.pl\/attrakciok\/"},"modified":"2019-04-03T15:19:59","modified_gmt":"2019-04-03T13:19:59","slug":"attrakciok","status":"publish","type":"page","link":"https:\/\/www.it.tarnow.pl\/hu\/attrakciok\/","title":{"rendered":"Attrakci\u00f3k"},"content":{"rendered":"<div class=\"class-view-folder\"><p class=\"title\"><a href=\"https:\/\/www.it.tarnow.pl\/hu\/attrakciok\/tarnow-13\/\">Tarn\u00f3w<\/a><\/p><p class=\"text\"><p><img loading=\"lazy\" decoding=\"async\" class=\"size-medium wp-image-175834 alignleft\" src=\"http:\/\/www.it.tarnow.pl\/wp-content\/uploads\/2019\/10\/Mauzoleum-Bema-400x267.jpg\" alt=\"\" width=\"400\" height=\"267\" srcset=\"https:\/\/www.it.tarnow.pl\/wp-content\/uploads\/2019\/10\/Mauzoleum-Bema-400x267.jpg 400w, https:\/\/www.it.tarnow.pl\/wp-content\/uploads\/2019\/10\/Mauzoleum-Bema-768x512.jpg 768w, https:\/\/www.it.tarnow.pl\/wp-content\/uploads\/2019\/10\/Mauzoleum-Bema-650x434.jpg 650w, https:\/\/www.it.tarnow.pl\/wp-content\/uploads\/2019\/10\/Mauzoleum-Bema-300x200.jpg 300w, https:\/\/www.it.tarnow.pl\/wp-content\/uploads\/2019\/10\/Mauzoleum-Bema.jpg 1024w\" sizes=\"auto, (max-width: 400px) 100vw, 400px\" \/><\/p>\n<p><b>Lengyelorsz\u00e1g \u00e9s Magyarorsz\u00e1g h\u0151se, Bem J. t\u00e1b. nyom\u00e1ban<\/b> Bem J\u00f3zsef t\u00e1bornok, Lengyelorsz\u00e1g \u00e9s Magyarorsz\u00e1g nemzeti h\u0151se Tarn\u00f3w Burek nev\u0171 el\u0151v\u00e1ros\u00e1nak egyik h\u00e1z\u00e1ban sz\u00fcletett (az el\u0151v\u00e1ros neve a &#8222;bruk&#8221; sz\u00f3b\u00f3l ered, amely macskak\u00f6vet jelent, s a ma is m\u0171k\u00f6d\u0151 v\u00e1s\u00e1rteret burkolta).<\/p>\n<p><img loading=\"lazy\" decoding=\"async\" class=\"alignleft wp-image-205346 size-medium\" src=\"http:\/\/www.it.tarnow.pl\/wp-content\/uploads\/2021\/06\/Tarn\u00f3w-Rynek-1-400x267.jpg\" alt=\"\" width=\"400\" height=\"267\" \/><\/p>\n<p><b>A tarn\u00f3wi renesz\u00e1nsz nyom\u00e1ban<\/b><\/p>\n<p>\u00a0&#8222;A Renesz\u00e1nsz Gy\u00f6ngyszeme&#8221; &#8211; mondj\u00e1k a m\u0171\u00e9rt\u0151k a tarn\u00f3wi \u00d3v\u00e1rosr\u00f3l. Tarn\u00f3w a renesz\u00e1nsz idej\u00e9n az egyik legszebb lengyel v\u00e1ros volt. A gy\u00f6ny\u00f6r\u0171 pl\u00e9b\u00e1niatemplom, a csod\u00e1latos v\u00e1rosh\u00e1za, a k\u00edv\u00fclr\u0151l soksz\u00edn\u0171, gazdagon d\u00edsz\u00edtett, saj\u00e1tos szerkezet\u0171 polg\u00e1ri k\u0151\u00e9p\u00fcletek csod\u00e1latos l\u00e1tv\u00e1nyt ny\u00fajtottak. A XVI. sz\u00e1zad kezdet\u00e9n Tarn\u00f3wnak kb. 1200 lakosa volt.<\/p>\n<p><b>A tarn\u00f3wi zsid\u00f3s\u00e1g nyom\u00e1ban<\/b><\/p>\n<p>1939-ben Tarn\u00f3wnak 56000 lakosa volt, ebb\u0151l kb. 25000 volt zsid\u00f3 (a v\u00e1ros lakoss\u00e1g\u00e1nak 45%-a). A zsid\u00f3 lakoss\u00e1g sz\u00e1m\u00e1t tekintve a negyedik v\u00e1ros volt Gal\u00edci\u00e1ban (Lemberg, Krakk\u00f3 \u00e9s Stanis\u0142aw\u00f3w ut\u00e1n), ar\u00e1ny\u00e1t tekintve pedig az els\u0151 a nagyobb v\u00e1rosok k\u00f6z\u00f6tt<\/p>\n<\/p><\/div>  \n<div class=\"class-view-folder\"><p class=\"title\"><a href=\"https:\/\/www.it.tarnow.pl\/hu\/attrakciok\/szakralis-faepiteszet\/\">Szakr\u00e1lis fa\u00e9p\u00edt\u00e9szet<\/a><\/p><p class=\"text\"><img loading=\"lazy\" decoding=\"async\" width=\"400\" height=\"300\" class=\"size-medium alignleft wp-image-21413\" src=\"http:\/\/www.it.tarnow.pl\/wp-content\/uploads\/2019\/02\/TARNOW-Kosciol-p.w.-Matki-Bozej-Szkaplerznej-2-400x300.jpg\" alt=\"\" srcset=\"https:\/\/www.it.tarnow.pl\/wp-content\/uploads\/2019\/02\/TARNOW-Kosciol-p.w.-Matki-Bozej-Szkaplerznej-2-400x300.jpg 400w, https:\/\/www.it.tarnow.pl\/wp-content\/uploads\/2019\/02\/TARNOW-Kosciol-p.w.-Matki-Bozej-Szkaplerznej-2-768x576.jpg 768w, https:\/\/www.it.tarnow.pl\/wp-content\/uploads\/2019\/02\/TARNOW-Kosciol-p.w.-Matki-Bozej-Szkaplerznej-2-650x488.jpg 650w, https:\/\/www.it.tarnow.pl\/wp-content\/uploads\/2019\/02\/TARNOW-Kosciol-p.w.-Matki-Bozej-Szkaplerznej-2-300x225.jpg 300w, https:\/\/www.it.tarnow.pl\/wp-content\/uploads\/2019\/02\/TARNOW-Kosciol-p.w.-Matki-Bozej-Szkaplerznej-2.jpg 1024w\" sizes=\"auto, (max-width: 400px) 100vw, 400px\" \/><p>Kislengyelorsz\u00e1g fa\u00e9p\u00edt\u00e9szet\u00e9nek rendk\u00edv\u00fcli gazdags\u00e1ga \u00e9s l\u00e1tv\u00e1nyoss\u00e1ga vitathatatlan. F\u00e1b\u00f3l \u00e9p\u00edtett\u00e9k a falusi h\u00e1zakat, kocsm\u00e1kat, nemesi udvarh\u00e1zakat \u00e9s templomokat. A legr\u00e9gebbi fa\u00e9p\u00fcletek a XV. sz\u00e1zadb\u00f3l sz\u00e1rmaznak. A legt\u00f6bb m\u0171eml\u00e9k a szakr\u00e1lis jelleg\u0171 \u00e9p\u00edtm\u00e9nyek k\u00f6z\u00f6tt lelhet\u0151 fel.<\/p>\n<p>A mai napig fennmaradt t\u00f6bb tucat fatemplom, melyek a vall\u00e1shoz \u00e9s a hagyom\u00e1nyhoz val\u00f3 k\u00f6t\u0151d\u00e9s tal\u00e1n legszebb szimb\u00f3lumai. A legr\u00e9gebbiek a XV. sz\u00e1zad els\u0151 fel\u00e9b\u0151l, a leg\u00fajabbak a m\u00falt sz\u00e1zad h\u00faszas \u00e9veib\u0151l sz\u00e1rmaznak.<\/p><\/p><\/div>  \n<div class=\"class-view-folder\"><p class=\"title\"><a href=\"https:\/\/www.it.tarnow.pl\/hu\/attrakciok\/neprajz-es-folklor\/\">N\u00e9prajz \u00e9s folkl\u00f3r<\/a><\/p><p class=\"text\"><img loading=\"lazy\" decoding=\"async\" width=\"400\" height=\"300\" class=\"size-medium alignleft wp-image-21106\" src=\"http:\/\/www.it.tarnow.pl\/wp-content\/uploads\/2019\/02\/Zalipie-Malowana-Wies-4-400x300.jpg\" alt=\"\" srcset=\"https:\/\/www.it.tarnow.pl\/wp-content\/uploads\/2019\/02\/Zalipie-Malowana-Wies-4-400x300.jpg 400w, https:\/\/www.it.tarnow.pl\/wp-content\/uploads\/2019\/02\/Zalipie-Malowana-Wies-4-768x576.jpg 768w, https:\/\/www.it.tarnow.pl\/wp-content\/uploads\/2019\/02\/Zalipie-Malowana-Wies-4-650x488.jpg 650w, https:\/\/www.it.tarnow.pl\/wp-content\/uploads\/2019\/02\/Zalipie-Malowana-Wies-4-300x225.jpg 300w, https:\/\/www.it.tarnow.pl\/wp-content\/uploads\/2019\/02\/Zalipie-Malowana-Wies-4.jpg 1024w\" sizes=\"auto, (max-width: 400px) 100vw, 400px\" \/><p>A tarn\u00f3wi r\u00e9gi\u00f3 olyan k\u00fcl\u00f6nleges helyekben b\u0151velkedik, melyek a megye e vid\u00e9k\u00e9t kiv\u00e9teles sz\u00e9ps\u00e9g\u0171v\u00e9 var\u00e1zsolj\u00e1k. Ezen helyeknek k\u00f6sz\u00f6nhet\u0151, hogy - belev\u00e9s\u0151dve a vend\u00e9gek eml\u00e9kezet\u00e9be - oly sokan rendszeresen visszat\u00e9rnek hozz\u00e1nk. A helyi szok\u00e1sok leny\u0171g\u00f6z\u0151 vil\u00e1ga \u00e9s az \u00fajra\u00e9led\u0151 tradicion\u00e1lis n\u00e9pm\u0171v\u00e9szet egyre kev\u00e9sb\u00e9 csak az id\u0151sebb gener\u00e1ci\u00f3k kiv\u00e1lts\u00e1ga.<\/p><\/p><\/div>  \n<div class=\"class-view-folder\"><p class=\"title\"><a href=\"https:\/\/www.it.tarnow.pl\/hu\/attrakciok\/bochniai-sobanya-es-gyogyfurdo\/\">Bochniai S\u00f3b\u00e1nya \u00e9s Gy\u00f3gyf\u00fcrd\u0151<\/a><\/p><p class=\"text\"><img loading=\"lazy\" decoding=\"async\" width=\"150\" height=\"150\" class=\"size-small alignleft wp-image-36039\" src=\"http:\/\/www.it.tarnow.pl\/wp-content\/uploads\/2019\/02\/kopalnia-bochnia-2014-02-1-150x150.jpg\" alt=\"\"><p>A Bochniai S\u00f3b\u00e1nya lengyelf\u00f6ld\u00f6n a legr\u00e9gebbi s\u00f3b\u00e1nya \u00e9s egy\u00fattal Eur\u00f3p\u00e1ban a legr\u00e9gebbi s\u00f3kitermel\u0151 v\u00e1llalat, amely megszak\u00edt\u00e1s n\u00e9lk\u00fcl m\u0171k\u00f6dik 1248 \u00f3ta. A k\u00f6zel nyolc \u00e9vsz\u00e1zados kitermel\u00e9s ut\u00e1n terjedelmes, titokzatos \u00e9s egyed\u00fcl\u00e1ll\u00f3 helyekkel teli f\u00f6ldalatti v\u00e1rosra eml\u00e9keztet.<\/p>\n<p>A l\u00e1togathat\u00f3 turista\u00fatvonalon s\u00f3szikl\u00e1kba v\u00e9sett m\u0171eml\u00e9k k\u00e1poln\u00e1kat, eredeti szersz\u00e1mokat \u00e9s b\u00e1ny\u00e1szfelszerel\u00e9seket, valamint nem mindennapi s\u00f3kamr\u00e1kat lehet l\u00e1tni az egykori kitermel\u0151munka nyomaival. A bochniai b\u00e1ny\u00e1ban haszn\u00e1lhat\u00f3 a kisvas\u00fat \u00e9s a b\u00e1ny\u00e1szcs\u00faszda, valamint a sportp\u00e1lya.<\/p>\n<p>E bejegyz\u00e9s 2013 az UNESCO Vil\u00e1g\u00f6r\u00f6ks\u00e9g r\u00e9sze.<\/p><\/p><\/div>  \n<div class=\"class-view-folder\"><p class=\"title\"><a href=\"https:\/\/www.it.tarnow.pl\/hu\/attrakciok\/varak\/\">V\u00e1rak<\/a><\/p><p class=\"text\"><p><img loading=\"lazy\" decoding=\"async\" width=\"400\" height=\"300\" class=\"size-medium alignleft wp-image-21117\" src=\"http:\/\/www.it.tarnow.pl\/wp-content\/uploads\/2019\/02\/Nowy-Wisnicz-Zamek-4-400x300.jpg\" alt=\"\" srcset=\"https:\/\/www.it.tarnow.pl\/wp-content\/uploads\/2019\/02\/Nowy-Wisnicz-Zamek-4-400x300.jpg 400w, https:\/\/www.it.tarnow.pl\/wp-content\/uploads\/2019\/02\/Nowy-Wisnicz-Zamek-4-768x576.jpg 768w, https:\/\/www.it.tarnow.pl\/wp-content\/uploads\/2019\/02\/Nowy-Wisnicz-Zamek-4-650x488.jpg 650w, https:\/\/www.it.tarnow.pl\/wp-content\/uploads\/2019\/02\/Nowy-Wisnicz-Zamek-4-300x225.jpg 300w, https:\/\/www.it.tarnow.pl\/wp-content\/uploads\/2019\/02\/Nowy-Wisnicz-Zamek-4.jpg 1024w\" sizes=\"auto, (max-width: 400px) 100vw, 400px\" \/><\/p>\n<p>A Ma\u0142opolskie (Kislengyelorsz\u00e1gi) vajdas\u00e1g keleti r\u00e9sz\u00e9ben sok olyan hely tal\u00e1lhat\u00f3, mely felkeltheti az egyed\u00fcl\u00e1ll\u00f3 panor\u00e1m\u00e1ra, vagy \u00e9p\u00edt\u00e9szeti \u00e9s t\u00f6rt\u00e9nelmi nevezetess\u00e9gekre v\u00e1gy\u00f3k \u00e9rdekl\u0151d\u00e9s\u00e9t. Titokzatos helyeket lehet itt felfedezni, melyekhez sz\u00e1mos legenda f\u0171z\u0151dik; pl. a mai napig megesik, hogy hallani a felv\u00e9rtezett lovagok z\u00f6rg\u00e9s\u00e9t. L\u00e1togassanak el a v\u00e1rakhoz, er\u0151d\u00edtm\u00e9nyekhez, valamint a sz\u00e1mtalan romhoz &#8211; az itteni nagyurak r\u00e9gvolt pomp\u00e1j\u00e1nak maradv\u00e1nyaihoz.<\/p>\n<\/p><\/div>  \n<div class=\"class-view-folder\"><p class=\"title\"><a href=\"https:\/\/www.it.tarnow.pl\/hu\/attrakciok\/tarnow-kornyekenek-legerdekesebb-muzeumai\/\">Tarn\u00f3w k\u00f6rny\u00e9k\u00e9nek leg\u00e9rdekesebb m\u00fazeumai<\/a><\/p><p class=\"text\"><img loading=\"lazy\" decoding=\"async\" width=\"400\" height=\"300\" class=\"size-medium alignleft wp-image-25505\" src=\"http:\/\/www.it.tarnow.pl\/wp-content\/uploads\/2019\/02\/Szczucin-Muzeum-Drogownictwa-400x300.jpg\" alt=\"\" srcset=\"https:\/\/www.it.tarnow.pl\/wp-content\/uploads\/2019\/02\/Szczucin-Muzeum-Drogownictwa-400x300.jpg 400w, https:\/\/www.it.tarnow.pl\/wp-content\/uploads\/2019\/02\/Szczucin-Muzeum-Drogownictwa-768x576.jpg 768w, https:\/\/www.it.tarnow.pl\/wp-content\/uploads\/2019\/02\/Szczucin-Muzeum-Drogownictwa-650x488.jpg 650w, https:\/\/www.it.tarnow.pl\/wp-content\/uploads\/2019\/02\/Szczucin-Muzeum-Drogownictwa-300x225.jpg 300w, https:\/\/www.it.tarnow.pl\/wp-content\/uploads\/2019\/02\/Szczucin-Muzeum-Drogownictwa.jpg 1024w\" sizes=\"auto, (max-width: 400px) 100vw, 400px\" \/><p>A Tarn\u00f3wi N\u00e9prajzi \u00e9s Egyh\u00e1zmegyei m\u00fazeumok messze az orsz\u00e1ghat\u00e1ron t\u00fal ismertek. Figyelemre m\u00e9lt\u00f3 m\u00e9g a szczucini <b>K\u00f6zleked\u00e9si M\u00fazeum<\/b> \u00e9s a pilznoi <b>Baba M\u00fazeum<\/b>. A K\u00f6zleked\u00e9si M\u00fazeumban, melyet Lengyelorsz\u00e1g egyik leg\u00e9rdekesebb m\u0171szaki m\u00fazeum\u00e1nak tartanak, r\u00e9gi \u00fat\u00e9p\u00edt\u0151 g\u00e9pek \u00e9s berendez\u00e9sek tucatjait l\u00e1thatjuk: \u00fathengereket, traktorokat, lokomobilt \u00e9s gazdag k\u00f6zleked\u00e9si t\u00e1bla gy\u0171jtem\u00e9nyt, kilom\u00e9terk\u00f6veket \u00e9s m\u00e9r\u0151berendez\u00e9seket is.<\/p><\/p><\/div>  \n<div class=\"class-view-folder\"><p class=\"title\"><a href=\"https:\/\/www.it.tarnow.pl\/hu\/attrakciok\/az-i-vilaghaboru-katonai-temetoi\/\">Az I. Vil\u00e1gh\u00e1bor\u00fa katonai temet\u0151i<\/a><\/p><p class=\"text\"><img loading=\"lazy\" decoding=\"async\" width=\"400\" height=\"300\" class=\"size-medium alignleft wp-image-24626\" src=\"http:\/\/www.it.tarnow.pl\/wp-content\/uploads\/2019\/02\/Cmentarz-wojskowy-z-I-W.S.-nr-150-w-Chojniku-400x300.jpg\" alt=\"\" srcset=\"https:\/\/www.it.tarnow.pl\/wp-content\/uploads\/2019\/02\/Cmentarz-wojskowy-z-I-W.S.-nr-150-w-Chojniku-400x300.jpg 400w, https:\/\/www.it.tarnow.pl\/wp-content\/uploads\/2019\/02\/Cmentarz-wojskowy-z-I-W.S.-nr-150-w-Chojniku-768x577.jpg 768w, https:\/\/www.it.tarnow.pl\/wp-content\/uploads\/2019\/02\/Cmentarz-wojskowy-z-I-W.S.-nr-150-w-Chojniku-650x488.jpg 650w, https:\/\/www.it.tarnow.pl\/wp-content\/uploads\/2019\/02\/Cmentarz-wojskowy-z-I-W.S.-nr-150-w-Chojniku-300x225.jpg 300w, https:\/\/www.it.tarnow.pl\/wp-content\/uploads\/2019\/02\/Cmentarz-wojskowy-z-I-W.S.-nr-150-w-Chojniku.jpg 1024w\" sizes=\"auto, (max-width: 400px) 100vw, 400px\" \/><p>A tarn\u00f3wi r\u00e9gi\u00f3ban kb. 200, az I. Vil\u00e1gh\u00e1bor\u00fa idej\u00e9b\u0151l sz\u00e1rmaz\u00f3 temetkez\u00e9si hely van. A katonai \"s\u00edrkertek\" ilyen s\u0171r\u0171s\u00e9ge arra eml\u00e9keztet, hogy 1914\/15-ben Nyugat-Gal\u00edcia ter\u00fclet\u00e9n, t\u00f6bbek k\u00f6z\u00f6tt Tarn\u00f3w k\u00f6rny\u00e9k\u00e9n v\u00e9res harcokat v\u00edvott az orosz hadsereg a Cs\u00e1sz\u00e1ri \u00e9s Kir\u00e1lyi osztr\u00e1k sereggel.<\/p><\/p><\/div>  \n<div class=\"class-view-folder\"><p class=\"title\"><a href=\"https:\/\/www.it.tarnow.pl\/hu\/attrakciok\/szakralis-turizmus\/\">Szakr\u00e1lis turizmus<\/a><\/p><p class=\"text\"><img loading=\"lazy\" decoding=\"async\" width=\"400\" height=\"300\" class=\"size-medium alignleft wp-image-21158\" src=\"http:\/\/www.it.tarnow.pl\/wp-content\/uploads\/2019\/02\/TARNOW-Muzeum-Diecezjalne-400x300.jpg\" alt=\"\" srcset=\"https:\/\/www.it.tarnow.pl\/wp-content\/uploads\/2019\/02\/TARNOW-Muzeum-Diecezjalne-400x300.jpg 400w, https:\/\/www.it.tarnow.pl\/wp-content\/uploads\/2019\/02\/TARNOW-Muzeum-Diecezjalne-768x576.jpg 768w, https:\/\/www.it.tarnow.pl\/wp-content\/uploads\/2019\/02\/TARNOW-Muzeum-Diecezjalne-650x488.jpg 650w, https:\/\/www.it.tarnow.pl\/wp-content\/uploads\/2019\/02\/TARNOW-Muzeum-Diecezjalne-300x225.jpg 300w, https:\/\/www.it.tarnow.pl\/wp-content\/uploads\/2019\/02\/TARNOW-Muzeum-Diecezjalne.jpg 1024w\" sizes=\"auto, (max-width: 400px) 100vw, 400px\" \/><p>A tarn\u00f3wi r\u00e9gi\u00f3 nagyon fontos helyet foglal el a vil\u00e1g szakr\u00e1lis t\u00e9rk\u00e9p\u00e9n. A tarn\u00f3wi egyh\u00e1zmegy\u00e9hez tartoz\u00f3 Tarn\u00f3wi Papi Szemin\u00e1rium a legnagyobb a vil\u00e1gon, innen ker\u00fcl ki a legt\u00f6bb misszion\u00e1rius, akik azt\u00e1n sz\u00e9tsz\u00f3r\u00f3dnak a vil\u00e1gban, s itt tal\u00e1lhat\u00f3 Lengyelorsz\u00e1g legr\u00e9gebbi Egyh\u00e1zmegyei M\u00fazeuma is. Sz\u00e1mos szent kultuszhelye - k\u00fcl\u00f6n\u00f6sen Szent M\u00e1ri\u00e1\u00e9 - rendk\u00edv\u00fcli ezen a ter\u00fcleten, melyek k\u00f6z\u00fcl a legismertebb a tuch\u00f3wi M\u00e1ria Szent\u00e9ly, ahov\u00e1 \u00e9vente t\u00f6bbsz\u00e1zezer zar\u00e1ndok l\u00e1togat el.<\/p><\/p><\/div>  \n<div class=\"class-view-folder\"><p class=\"title\"><a href=\"https:\/\/www.it.tarnow.pl\/hu\/attrakciok\/varazslatos-kisvarosok\/\">Var\u00e1zslatos kisv\u00e1rosok<\/a><\/p><p class=\"text\"><img loading=\"lazy\" decoding=\"async\" width=\"400\" height=\"300\" class=\"size-medium alignleft wp-image-25708\" src=\"http:\/\/www.it.tarnow.pl\/wp-content\/uploads\/2019\/02\/Lipnica-Murowana-Rynek-1-400x300.jpg\" alt=\"\" srcset=\"https:\/\/www.it.tarnow.pl\/wp-content\/uploads\/2019\/02\/Lipnica-Murowana-Rynek-1-400x300.jpg 400w, https:\/\/www.it.tarnow.pl\/wp-content\/uploads\/2019\/02\/Lipnica-Murowana-Rynek-1-768x576.jpg 768w, https:\/\/www.it.tarnow.pl\/wp-content\/uploads\/2019\/02\/Lipnica-Murowana-Rynek-1-650x488.jpg 650w, https:\/\/www.it.tarnow.pl\/wp-content\/uploads\/2019\/02\/Lipnica-Murowana-Rynek-1-300x225.jpg 300w, https:\/\/www.it.tarnow.pl\/wp-content\/uploads\/2019\/02\/Lipnica-Murowana-Rynek-1.jpg 1024w\" sizes=\"auto, (max-width: 400px) 100vw, 400px\" \/><p>Ami a Pog\u00f3rze vid\u00e9k kisv\u00e1rosait - <b>Ci\u0119\u017ckowic\u00e9t, Czch\u00f3wot, Lipnica Murowan\u00e1t, Nowy Wi\u015bniczet, Tuch\u00f3wot, Wojniczot \u00e9s Zakliczynt<\/b> - \u00f6sszek\u00f6ti, nem m\u00e1s, mint a kisv\u00e1rosi nyugalom ut\u00e1nozhatatlan var\u00e1zsa \u00e9s hangulata. A v\u00e1rosok t\u00f6bbs\u00e9g\u00e9t - melyek meg\u0151rizt\u00e9k a k\u00f6z\u00e9pkori v\u00e1rosszerkezetet - a XIV. sz\u00e1zad els\u0151 fel\u00e9ben alap\u00edtott\u00e1k. Jellegzetess\u00e9g\u00fck a fatorn\u00e1cos, f\u00f6ldszintes \u00e9p\u00fcletekkel k\u00f6r\u00fclvett piact\u00e9r. A v\u00e1rosk\u00e1kban megtal\u00e1lhat\u00f3k a m\u0171eml\u00e9k templomok, a helyi t\u00f6rt\u00e9nelmet \u00e9s kult\u00far\u00e1t bemutat\u00f3 m\u00fazeumok.<\/p><\/p><\/div>","protected":false},"excerpt":{"rendered":"","protected":false},"author":1,"featured_media":0,"parent":0,"menu_order":584,"comment_status":"closed","ping_status":"closed","template":"","meta":{"_acf_changed":false,"footnotes":""},"tags":[],"class_list":["post-10061","page","type-page","status-publish","hentry"],"acf":{"in_menu":null,"show_date":null,"intro_text":"","map":null},"yoast_head":"<!-- This site is optimized with the Yoast SEO Premium plugin v25.4 (Yoast SEO v25.4) - https:\/\/yoast.com\/wordpress\/plugins\/seo\/ -->\n<title>Attrakci\u00f3k - Tarnowskie Centrum Informacji<\/title>\n<meta name=\"robots\" content=\"index, follow, max-snippet:-1, max-image-preview:large, max-video-preview:-1\" \/>\n<link rel=\"canonical\" href=\"https:\/\/www.it.tarnow.pl\/hu\/attrakciok\/\" \/>\n<meta property=\"og:locale\" content=\"hu_HU\" \/>\n<meta property=\"og:type\" content=\"article\" \/>\n<meta property=\"og:title\" content=\"Attrakci\u00f3k\" \/>\n<meta property=\"og:url\" content=\"https:\/\/www.it.tarnow.pl\/hu\/attrakciok\/\" \/>\n<meta property=\"og:site_name\" content=\"Tarnowskie Centrum Informacji\" \/>\n<meta property=\"article:modified_time\" content=\"2019-04-03T13:19:59+00:00\" \/>\n<meta name=\"twitter:card\" content=\"summary_large_image\" \/>\n<script type=\"application\/ld+json\" class=\"yoast-schema-graph\">{\"@context\":\"https:\/\/schema.org\",\"@graph\":[{\"@type\":\"WebPage\",\"@id\":\"https:\/\/www.it.tarnow.pl\/hu\/attrakciok\/\",\"url\":\"https:\/\/www.it.tarnow.pl\/hu\/attrakciok\/\",\"name\":\"Attrakci\u00f3k - Tarnowskie Centrum Informacji\",\"isPartOf\":{\"@id\":\"https:\/\/www.it.tarnow.pl\/#website\"},\"datePublished\":\"2011-03-18T11:55:59+00:00\",\"dateModified\":\"2019-04-03T13:19:59+00:00\",\"breadcrumb\":{\"@id\":\"https:\/\/www.it.tarnow.pl\/hu\/attrakciok\/#breadcrumb\"},\"inLanguage\":\"hu\",\"potentialAction\":[{\"@type\":\"ReadAction\",\"target\":[\"https:\/\/www.it.tarnow.pl\/hu\/attrakciok\/\"]}]},{\"@type\":\"BreadcrumbList\",\"@id\":\"https:\/\/www.it.tarnow.pl\/hu\/attrakciok\/#breadcrumb\",\"itemListElement\":[{\"@type\":\"ListItem\",\"position\":1,\"name\":\"Kezd\u0151lap\",\"item\":\"https:\/\/www.it.tarnow.pl\/hu\/\"},{\"@type\":\"ListItem\",\"position\":2,\"name\":\"Attrakci\u00f3k\"}]},{\"@type\":\"WebSite\",\"@id\":\"https:\/\/www.it.tarnow.pl\/#website\",\"url\":\"https:\/\/www.it.tarnow.pl\/\",\"name\":\"Tarnowskie Centrum Informacji\",\"description\":\"Informacja turystyczna o Tarnowie i regionie tarnowskim.\",\"potentialAction\":[{\"@type\":\"SearchAction\",\"target\":{\"@type\":\"EntryPoint\",\"urlTemplate\":\"https:\/\/www.it.tarnow.pl\/?s={search_term_string}\"},\"query-input\":{\"@type\":\"PropertyValueSpecification\",\"valueRequired\":true,\"valueName\":\"search_term_string\"}}],\"inLanguage\":\"hu\"}]}<\/script>\n<!-- \/ Yoast SEO Premium plugin. -->","yoast_head_json":{"title":"Attrakci\u00f3k - Tarnowskie Centrum Informacji","robots":{"index":"index","follow":"follow","max-snippet":"max-snippet:-1","max-image-preview":"max-image-preview:large","max-video-preview":"max-video-preview:-1"},"canonical":"https:\/\/www.it.tarnow.pl\/hu\/attrakciok\/","og_locale":"hu_HU","og_type":"article","og_title":"Attrakci\u00f3k","og_url":"https:\/\/www.it.tarnow.pl\/hu\/attrakciok\/","og_site_name":"Tarnowskie Centrum Informacji","article_modified_time":"2019-04-03T13:19:59+00:00","twitter_card":"summary_large_image","schema":{"@context":"https:\/\/schema.org","@graph":[{"@type":"WebPage","@id":"https:\/\/www.it.tarnow.pl\/hu\/attrakciok\/","url":"https:\/\/www.it.tarnow.pl\/hu\/attrakciok\/","name":"Attrakci\u00f3k - Tarnowskie Centrum Informacji","isPartOf":{"@id":"https:\/\/www.it.tarnow.pl\/#website"},"datePublished":"2011-03-18T11:55:59+00:00","dateModified":"2019-04-03T13:19:59+00:00","breadcrumb":{"@id":"https:\/\/www.it.tarnow.pl\/hu\/attrakciok\/#breadcrumb"},"inLanguage":"hu","potentialAction":[{"@type":"ReadAction","target":["https:\/\/www.it.tarnow.pl\/hu\/attrakciok\/"]}]},{"@type":"BreadcrumbList","@id":"https:\/\/www.it.tarnow.pl\/hu\/attrakciok\/#breadcrumb","itemListElement":[{"@type":"ListItem","position":1,"name":"Kezd\u0151lap","item":"https:\/\/www.it.tarnow.pl\/hu\/"},{"@type":"ListItem","position":2,"name":"Attrakci\u00f3k"}]},{"@type":"WebSite","@id":"https:\/\/www.it.tarnow.pl\/#website","url":"https:\/\/www.it.tarnow.pl\/","name":"Tarnowskie Centrum Informacji","description":"Informacja turystyczna o Tarnowie i regionie tarnowskim.","potentialAction":[{"@type":"SearchAction","target":{"@type":"EntryPoint","urlTemplate":"https:\/\/www.it.tarnow.pl\/?s={search_term_string}"},"query-input":{"@type":"PropertyValueSpecification","valueRequired":true,"valueName":"search_term_string"}}],"inLanguage":"hu"}]}},"_links":{"self":[{"href":"https:\/\/www.it.tarnow.pl\/hu\/wp-json\/wp\/v2\/pages\/10061","targetHints":{"allow":["GET"]}}],"collection":[{"href":"https:\/\/www.it.tarnow.pl\/hu\/wp-json\/wp\/v2\/pages"}],"about":[{"href":"https:\/\/www.it.tarnow.pl\/hu\/wp-json\/wp\/v2\/types\/page"}],"author":[{"embeddable":true,"href":"https:\/\/www.it.tarnow.pl\/hu\/wp-json\/wp\/v2\/users\/1"}],"replies":[{"embeddable":true,"href":"https:\/\/www.it.tarnow.pl\/hu\/wp-json\/wp\/v2\/comments?post=10061"}],"version-history":[{"count":0,"href":"https:\/\/www.it.tarnow.pl\/hu\/wp-json\/wp\/v2\/pages\/10061\/revisions"}],"wp:attachment":[{"href":"https:\/\/www.it.tarnow.pl\/hu\/wp-json\/wp\/v2\/media?parent=10061"}],"wp:term":[{"taxonomy":"post_tag","embeddable":true,"href":"https:\/\/www.it.tarnow.pl\/hu\/wp-json\/wp\/v2\/tags?post=10061"}],"curies":[{"name":"wp","href":"https:\/\/api.w.org\/{rel}","templated":true}]}}