{"id":9993,"date":"2010-08-25T11:46:25","date_gmt":"2010-08-25T09:46:25","guid":{"rendered":"http:\/\/www.it.tarnow.pl\/tarnow-13\/"},"modified":"2021-11-18T13:45:48","modified_gmt":"2021-11-18T12:45:48","slug":"tarnow-13","status":"publish","type":"page","link":"https:\/\/www.it.tarnow.pl\/fr\/attractions\/tarnow-13\/","title":{"rendered":"Tarn\u00f3w"},"content":{"rendered":"<p><img loading=\"lazy\" decoding=\"async\" class=\"wp-image-205344 size-medium alignright\" src=\"http:\/\/www.it.tarnow.pl\/wp-content\/uploads\/2021\/06\/Tarn\u00f3w-Rynek-1-400x267.jpg\" alt=\"\" width=\"400\" height=\"267\" \/><\/p>\r\n<p><b>A travers la Renaissance de Tarn\u00f3w<\/b><\/p>\r\n<p>\u00a0\u00ab\u00a0Perle de la Renaissance\u00a0\u00bb ainsi est appel\u00e9e la Vieille Ville de Tarn\u00f3w par d&rsquo;\u00e9minents connaisseurs de l&rsquo;art. Tarn\u00f3w, au temps de la Renaissance \u00e9tait l&rsquo;une des plus belles villes de Pologne. Une belle \u00e9glise paroissiale, un h\u00f4tel de ville magnifique, de somptueux polychromes sur les fa\u00e7ades d&rsquo;immeubles bourgeois d&rsquo;une architecture fort int\u00e9ressante peuvent etre admir\u00e9s. Au d\u00e9but du XVIe siecle Tarn\u00f3w comptait environ 1200 habitants. La ville poss\u00e9dait des remparts, des adductions d&rsquo;eau et des canalisations. Des citadins ais\u00e9s pratiquaient l&rsquo;artisanat et le commerce. A cette \u00e9poque le propri\u00e9taire de Tarn\u00f3w fut un \u00e9minent politique, homme sage et mondain, grand hetman de la couronne &#8211; Jan Tarnowski.<\/p>\r\n<p>&nbsp;<\/p>\r\n<p><img loading=\"lazy\" decoding=\"async\" width=\"400\" height=\"300\" class=\"size-medium alignright wp-image-21158\" src=\"http:\/\/www.it.tarnow.pl\/wp-content\/uploads\/2019\/02\/TARNOW-Muzeum-Diecezjalne-400x300.jpg\" alt=\"\" srcset=\"https:\/\/www.it.tarnow.pl\/wp-content\/uploads\/2019\/02\/TARNOW-Muzeum-Diecezjalne-400x300.jpg 400w, https:\/\/www.it.tarnow.pl\/wp-content\/uploads\/2019\/02\/TARNOW-Muzeum-Diecezjalne-768x576.jpg 768w, https:\/\/www.it.tarnow.pl\/wp-content\/uploads\/2019\/02\/TARNOW-Muzeum-Diecezjalne-650x488.jpg 650w, https:\/\/www.it.tarnow.pl\/wp-content\/uploads\/2019\/02\/TARNOW-Muzeum-Diecezjalne-300x225.jpg 300w, https:\/\/www.it.tarnow.pl\/wp-content\/uploads\/2019\/02\/TARNOW-Muzeum-Diecezjalne.jpg 1024w\" sizes=\"auto, (max-width: 400px) 100vw, 400px\" \/><\/p>\r\n<p>La r\u00e9sidence du hetman \u00e9tait le ch\u00e2teau, h\u00e9rit\u00e9 des ancetres, sur la Montagne de Saint Martin \u00e9loign\u00e9e d&rsquo;environ 2 km de la ville. Dans les ann\u00e9es &rsquo;20 du XVIe siecle la ville de Tarn\u00f3w fut entour\u00e9e de nouvelles fortifications dont les fragments, reconstitu\u00e9s dans les ann\u00e9es &rsquo;60 du siecle \u00e9coul\u00e9, sont actuellement visibles.<br \/>\r\n\u00a0Aujourd&rsquo;hui on peut se promener dans les rues de Tarn\u00f3w et admirer des immeubles renaissance autour de la Place du March\u00e9, la Maison de la famille Miko\u0142ajowski, l&rsquo;H\u00f4tel de Ville, de magnifiques monuments fun\u00e9raires dans la Cath\u00e9drale et les ruines d&rsquo;un magnifique ch\u00e2teau de la famille Tarnowski qui dominent la ville.<\/p>\r\n<p>&nbsp;<\/p>\r\n<p><img loading=\"lazy\" decoding=\"async\" width=\"637\" height=\"326\" class=\"size-original aligncenter wp-image-21253\" src=\"http:\/\/www.it.tarnow.pl\/wp-content\/uploads\/2019\/02\/IMG_1294_www.jpg\" alt=\"\" srcset=\"https:\/\/www.it.tarnow.pl\/wp-content\/uploads\/2019\/02\/IMG_1294_www.jpg 637w, https:\/\/www.it.tarnow.pl\/wp-content\/uploads\/2019\/02\/IMG_1294_www-400x205.jpg 400w, https:\/\/www.it.tarnow.pl\/wp-content\/uploads\/2019\/02\/IMG_1294_www-300x154.jpg 300w\" sizes=\"auto, (max-width: 637px) 100vw, 637px\" \/><\/p>\r\n<p>&nbsp;<\/p>\r\n<p><img loading=\"lazy\" decoding=\"async\" class=\"alignright wp-image-205328 size-medium\" src=\"http:\/\/www.it.tarnow.pl\/wp-content\/uploads\/2021\/06\/Tarn\u00f3w-Mauzoleum-gen.-J.-Bema-1-400x267.jpg\" alt=\"\" width=\"400\" height=\"267\" \/><\/p>\r\n<p><b>Sur les traces d&rsquo;un h\u00e9ros de la Pologne et de la Hongrie &#8211; g\u00e9n\u00e9ral J\u00f3zef Bem<\/b><\/p>\r\n<p>Le G\u00e9n\u00e9ral J\u00f3zef Bem, h\u00e9ros national de la Pologne et de la Hongrie, naquit a Tarn\u00f3w dans une maison du faubourg appel\u00e9 aujourd&rsquo;hui Burek (le nom d\u00e9rive du pav\u00e9 qui couvrait la place commerciale fonctionnant encore aujourd&rsquo;hui). Dans le registre baptistaire de la paroisse de la cath\u00e9drale de Tarn\u00f3w , se trouve une inscription du bapteme de J\u00f3zef Bem et la date de sa naissance &#8211; le 14 mars 1794.<\/p>\r\n<p>Bem est c\u00e9l\u00e8bre gr\u00e2ce \u00e0 son activit\u00e9 militaire: en Pologne pendant l\u2019Insurrection de Novembre, en Hongrie pendant le Printemps des Peuples ou il fut commandant de l\u2019arm\u00e9 transylvanie.<\/p>\r\n<p>Il vivait \u00e0 l\u2019\u00e9migration en France et \u00e0 Turquie, il mourut \u00e0 Aleppo (actuellement la Syrie) le 10 d\u00e9cembre 1850.<\/p>\r\n<p>&nbsp;<\/p>\r\n<p>Les cendres du g\u00e9n.J\u00f3zef Bem ont \u00e9t\u00e9 amen\u00e9es solennellement en Pologne en 1929 a Tarn\u00f3w, ville familiale, et d\u00e9pos\u00e9es dans le somptueux mausol\u00e9e dans le Park Strzelecki (Parc de Chasseur).<\/p>\r\n<p>M\u00e9ritent attention aussi le monument du g\u00e9n\u00e9ral sur la rue Wa\u0142owa, principal lieu de visite des groupes hongrois, et la Brama Seklerska (Porte Cochere de Siculi) sur la Place Pet\u00f6fi &#8211; qui est, outre celle de Stary S\u0105cz, la seconde de ce type en Pologne. Il convient d&rsquo;ajouter que dans les collections du Mus\u00e9e R\u00e9gional de Tarn\u00f3w on trouve aussi des fragments du Panorama de Transylvanie peint a la commande de Jan Styka en 1897. La peinture longue de 120 metres et haute de 15 metres fut d\u00e9coup\u00e9e en morceaux.<\/p>\r\n<p>Jusqu\u2019aujourd\u2019hui plus de 38 fragments de Panorama ont \u00e9t\u00e9 d\u00e9couverts, dont 22 (novembre 2021) sont d\u00e9j\u00e0 dans la propri\u00e9t\u00e9 du Mus\u00e9e R\u00e9gional de Tarn\u00f3w et deux\u00a0 fragment sont au mus\u00e9e en tant que d\u00e9p\u00f4ts.\u00a0 Le plus grand fragment (3,85&#215;3,28 m\u00e8tres) repr\u00e9sentant l&rsquo;arriere de l&rsquo;arm\u00e9e hongroise pendant la bataille de Sybin ou commandait le g\u00e9n. J\u00f3zef Bem le 11 mars 1849. Tous les fragments de Panorama que poss\u00e8de le mus\u00e9e sont expos\u00e9s dans la \u00ab\u00a0Galerie de Panorama\u00a0\u00bb, qui est situ\u00e9e \u00e0 la Gare Ferroviaire de Tarn\u00f3w .<\/p>\r\n<p>&nbsp;<\/p>\r\n<p><img loading=\"lazy\" decoding=\"async\" class=\"alignright wp-image-186586 size-medium\" src=\"http:\/\/www.it.tarnow.pl\/wp-content\/uploads\/2020\/04\/Bima-Tarn\u00f3w-8-400x267.jpg\" alt=\"\" width=\"400\" height=\"267\" \/><\/p>\r\n<p><b>Sur les traces des Juifs de Tarn\u00f3w<\/b><\/p>\r\n<p>\u00a0En 1939 Tarn\u00f3w comptait 56.000 habitants, dont environ 25.000 \u00e9taient Juifs (45% des citadins) et \u00e9tait la quatrieme ville dans l\u2019ancienne Galice Polonaise quant au nombre de juifs (apres Lw\u00f3w, Cracovie et Stanislaw\u00f3w) et la premiere parmi les plus grandes villes en ce qui concerne son pourcentage. Dans la ville il y a beaucoup de monuments li\u00e9s a la culture juive. La partie est de Tarn\u00f3w d\u2019avant-gueurre \u00e9tait habit\u00e9e principalement par la soci\u00e9t\u00e9 juive.<\/p>\r\n<p>&nbsp;<\/p>\r\n<p><img loading=\"lazy\" decoding=\"async\" width=\"400\" height=\"300\" class=\"size-medium alignright wp-image-21386\" src=\"http:\/\/www.it.tarnow.pl\/wp-content\/uploads\/2019\/02\/TARNOW-Cmentarz-zydowski-01-400x300.jpg\" alt=\"\" srcset=\"https:\/\/www.it.tarnow.pl\/wp-content\/uploads\/2019\/02\/TARNOW-Cmentarz-zydowski-01-400x300.jpg 400w, https:\/\/www.it.tarnow.pl\/wp-content\/uploads\/2019\/02\/TARNOW-Cmentarz-zydowski-01-768x576.jpg 768w, https:\/\/www.it.tarnow.pl\/wp-content\/uploads\/2019\/02\/TARNOW-Cmentarz-zydowski-01-650x488.jpg 650w, https:\/\/www.it.tarnow.pl\/wp-content\/uploads\/2019\/02\/TARNOW-Cmentarz-zydowski-01-300x225.jpg 300w, https:\/\/www.it.tarnow.pl\/wp-content\/uploads\/2019\/02\/TARNOW-Cmentarz-zydowski-01.jpg 1024w\" sizes=\"auto, (max-width: 400px) 100vw, 400px\" \/><\/p>\r\n<p>Cela m\u00e9rite bien de se promener le long de la rue Zydowska (Rue Juive) \u2013 sortant de la Place du March\u00e9 vers l\u2019ouest, qui avec la rue parallele Wekslarska constituent la plus ancienne partie du quartier habit\u00e9 jadis par les Juifs. Cette rue du 11 au 19 juin 1942 fut t\u00e9moin de l\u2019homicide de masses, d\u2019environ 3 mille Juifs, commis sur la Place du March\u00e9 de Tarn\u00f3w par les hitl\u00e9riens.<\/p>\r\n<p>\u00a0Cependant sur la rue Goldhammer, o\u00f9 se trouvaient d\u2019importantes institutions juives telles que : cr\u00e9dit foncier, h\u00f4tel, si\u00e8ge de la commune religieuse, maison de pri\u00e8re, on peut regarder des inscriptions dans les langues yidish et polonaise qui faisaient de la publicit\u00e9 pour des repas de restaurant. \u00c0 Tarn\u00f3w on visitera aussi Mykwa , le Moulin de Szancer (le premier moulin de semoule \u00e0 vapeur dans la province de Galice), Bima &#8211; les vestiges de la plus ancienne synagogue en briques de Tarn\u00f3w, construite apr\u00e8s 1661, et un cimeti\u00e8re juif parmi les plus grands, plus vieux et mieux conserv\u00e9s en Pologne du sud qui fut fond\u00e9 au XVIe si\u00e8cle (premi\u00e8re mention d\u2019origine en 1581) et, avec presque six mille tombeaux, il occupe une superficie de 3,20 ha.<\/p>\r\n<p>&nbsp;<\/p>\r\n<p><img loading=\"lazy\" decoding=\"async\" width=\"219\" height=\"300\" class=\"size-medium alignright wp-image-35663\" src=\"http:\/\/www.it.tarnow.pl\/wp-content\/uploads\/2019\/02\/Szczepanik_portrait_m-219x300.jpg\" alt=\"\" srcset=\"https:\/\/www.it.tarnow.pl\/wp-content\/uploads\/2019\/02\/Szczepanik_portrait_m-219x300.jpg 219w, https:\/\/www.it.tarnow.pl\/wp-content\/uploads\/2019\/02\/Szczepanik_portrait_m.jpg 640w\" sizes=\"auto, (max-width: 219px) 100vw, 219px\" \/><\/p>\r\n<p><b>Sur les traces de l'\u00a0\u00bbEdison Polonais\u00a0\u00bb &#8211; Jan Szczepanik<\/b><\/p>\r\n<p>\u00a0Dans l\u2019histoire de Tarn\u00f3w on remarque aussi l\u2019inventeur polonais le plus universel \u2013 Jan Szczepanik. Le pionier de la photographie color\u00e9e, de la t\u00e9l\u00e9vision et du film en couleurs, le pr\u00e9curseur de l\u2019industrie du tissage moderne, entre autre le gilet pare-balles. N\u00e9 le 13.06.1872 sur la terre de Przemy\u0153l, li\u00e9 a Berlin et Dresde professionnellement, il mourut le 08.11.1926 et fut enterr\u00e9 a Tarn\u00f3w. Ensepromenantpar Tarn\u00f3w cela vaut la peine de s\u2019arreter devant les immeubles : 11 rue Chopin (maison de famille) et 11 rue Sowi\u00f1ski (pendant quelques ann\u00e9es l\u2019inventeur menait des recherches, achev\u00e9es avec succes, sur les photographies color\u00e9es et diapositives). Dans le Mus\u00e9e R\u00e9gional, dans les collections \u201eApoth\u00e9ose\u201d on peut admirer le plus grand Gobelin tiss\u00e9 selon la m\u00e9thode de Szczepanik a l\u2019occasion du cinquantenaire du regne de l\u2019empereur Fran\u00e7ois Joseph I. Dans la plus ancienne n\u00e9cropole de Tarn\u00f3w de 1790 environ \u2013 Stary Cmentarz na Zab\u00b3ociu (Ancien Cimetiere a Zab\u00b3ocie) se trouve le tombeau de l\u2019inventeur dans le s\u00e9pulcre des familles Dzikowski et Szcepanik. Le seul monument en Pologne se trouve sur la place Szczepanik a c\u00f4t\u00e9 de l\u2019\u00e9cole ou se trouve le m\u00e9morial ou l\u2019on collectionne les souvenirs de l\u2019\u00abEdison Polonais\u00bb.<\/p>","protected":false},"excerpt":{"rendered":"A travers la Renaissance de Tarn\u00f3w \u00a0\u00ab\u00a0Perle de la Renaissance\u00a0\u00bb ainsi est appel\u00e9e la Vieille Ville de Tarn\u00f3w par d&rsquo;\u00e9minents connaisseurs de l&rsquo;art. Tarn\u00f3w, au temps de la Renaissance \u00e9tait [&hellip;]","protected":false},"author":1,"featured_media":0,"parent":9990,"menu_order":149,"comment_status":"closed","ping_status":"closed","template":"","meta":{"_acf_changed":false,"footnotes":""},"tags":[],"class_list":["post-9993","page","type-page","status-publish","hentry"],"acf":{"old_object_id":"5750","old_parent_id":"5857","old_url":"Attractions\/Tarnow","intro_text":"<p><img loading=\"lazy\" decoding=\"async\" class=\"alignleft wp-image-205344 size-medium\" src=\"http:\/\/www.it.tarnow.pl\/wp-content\/uploads\/2021\/06\/Tarn\u00f3w-Rynek-1-400x267.jpg\" alt=\"\" width=\"400\" height=\"267\" \/><\/p>\n<p><b>A travers la Renaissance de Tarn\u00f3w<\/b><br \/>\n\u00a0\u00ab\u00a0Perle de la Renaissance\u00a0\u00bb ainsi est appel\u00e9e la Vieille Ville de Tarn\u00f3w par d&rsquo;\u00e9minents connaisseurs de l&rsquo;art. Tarn\u00f3w, au temps de la Renaissance \u00e9tait l&rsquo;une des plus belles villes de Pologne&#8230;<\/p>\n<p><b>Sur les traces d&rsquo;un h\u00e9ros de la Pologne et de la Hongrie &#8211; g\u00e9n\u00e9ral J\u00f3zef Bem<\/b><br \/>\n\u00a0Le G\u00e9n\u00e9ral J\u00f3zef Bem, h\u00e9ros national de la Pologne et de la Hongrie, naquit a Tarn\u00f3w dans une maison du faubourg appel\u00e9 aujourd&rsquo;hui Burek&#8230;<\/p>\n<p><b>Sur les traces des Juifs de Tarn\u00f3w<\/b><br \/>\n\u00a0En 1939 Tarn\u00f3w comptait 56.000 habitants, dont environ 25.000 \u00e9taient Juifs (45% des citadins) et \u00e9tait la quatrieme ville dans l\u2019ancienne Galice Polonaise quant au nombre de juifs (apres Lw\u00f3w, Cracovie et Stanislaw\u00f3w) et la premiere parmi les plus grandes villes en ce qui concerne son pourcentage&#8230;<\/p>\n<p><b>Sur les traces de l'\u00a0\u00bbEdison Polonais\u00a0\u00bb &#8211; Jan Szczepanik<\/b><br \/>\n\u00a0Dans l\u2019histoire de Tarn\u00f3w on remarque aussi l\u2019inventeur polonais le plus universel \u2013 Jan Szczepanik. Le pionier de la photographie color\u00e9e, de la t\u00e9l\u00e9vision et du film en couleurs, le pr\u00e9curseur de l\u2019industrie du tissage moderne, entre autre le gilet pare-balles&#8230;<\/p>\n","class":"folder","type":"single","in_menu":true,"map":"","old_id":"","top_column":"","left_column":"","right_column":"","bottom_column":"","show_children":"","skip_import":true,"_menu_related_id":"102277","show_date":false,"rooms_info":""},"yoast_head":"<!-- This site is optimized with the Yoast SEO Premium plugin v25.4 (Yoast SEO v25.4) - https:\/\/yoast.com\/wordpress\/plugins\/seo\/ -->\n<title>Tarn\u00f3w - Tarnowskie Centrum Informacji<\/title>\n<meta name=\"robots\" content=\"index, follow, max-snippet:-1, max-image-preview:large, max-video-preview:-1\" \/>\n<link rel=\"canonical\" href=\"https:\/\/www.it.tarnow.pl\/fr\/attractions\/tarnow-13\/\" \/>\n<meta property=\"og:locale\" content=\"fr_FR\" \/>\n<meta property=\"og:type\" content=\"article\" \/>\n<meta property=\"og:title\" content=\"Tarn\u00f3w\" \/>\n<meta property=\"og:description\" content=\"A travers la Renaissance de Tarn\u00f3w \u00a0\u00ab\u00a0Perle de la Renaissance\u00a0\u00bb ainsi est appel\u00e9e la Vieille Ville de Tarn\u00f3w par d&rsquo;\u00e9minents connaisseurs de l&rsquo;art. Tarn\u00f3w, au temps de la Renaissance \u00e9tait [&hellip;]\" \/>\n<meta property=\"og:url\" content=\"https:\/\/www.it.tarnow.pl\/fr\/attractions\/tarnow-13\/\" \/>\n<meta property=\"og:site_name\" content=\"Tarnowskie Centrum Informacji\" \/>\n<meta property=\"article:modified_time\" content=\"2021-11-18T12:45:48+00:00\" \/>\n<meta property=\"og:image\" content=\"http:\/\/www.it.tarnow.pl\/wp-content\/uploads\/2019\/02\/TARNOW-Muzeum-Diecezjalne-400x300.jpg\" \/>\n<meta name=\"twitter:card\" content=\"summary_large_image\" \/>\n<meta name=\"twitter:label1\" content=\"Dur\u00e9e de lecture estim\u00e9e\" \/>\n\t<meta name=\"twitter:data1\" content=\"6 minutes\" \/>\n<script type=\"application\/ld+json\" class=\"yoast-schema-graph\">{\"@context\":\"https:\/\/schema.org\",\"@graph\":[{\"@type\":\"WebPage\",\"@id\":\"https:\/\/www.it.tarnow.pl\/fr\/attractions\/tarnow-13\/\",\"url\":\"https:\/\/www.it.tarnow.pl\/fr\/attractions\/tarnow-13\/\",\"name\":\"Tarn\u00f3w - Tarnowskie Centrum Informacji\",\"isPartOf\":{\"@id\":\"https:\/\/www.it.tarnow.pl\/#website\"},\"primaryImageOfPage\":{\"@id\":\"https:\/\/www.it.tarnow.pl\/fr\/attractions\/tarnow-13\/#primaryimage\"},\"image\":{\"@id\":\"https:\/\/www.it.tarnow.pl\/fr\/attractions\/tarnow-13\/#primaryimage\"},\"thumbnailUrl\":\"http:\/\/www.it.tarnow.pl\/wp-content\/uploads\/2019\/02\/TARNOW-Muzeum-Diecezjalne-400x300.jpg\",\"datePublished\":\"2010-08-25T09:46:25+00:00\",\"dateModified\":\"2021-11-18T12:45:48+00:00\",\"breadcrumb\":{\"@id\":\"https:\/\/www.it.tarnow.pl\/fr\/attractions\/tarnow-13\/#breadcrumb\"},\"inLanguage\":\"fr-FR\",\"potentialAction\":[{\"@type\":\"ReadAction\",\"target\":[\"https:\/\/www.it.tarnow.pl\/fr\/attractions\/tarnow-13\/\"]}]},{\"@type\":\"ImageObject\",\"inLanguage\":\"fr-FR\",\"@id\":\"https:\/\/www.it.tarnow.pl\/fr\/attractions\/tarnow-13\/#primaryimage\",\"url\":\"http:\/\/www.it.tarnow.pl\/wp-content\/uploads\/2019\/02\/TARNOW-Muzeum-Diecezjalne-400x300.jpg\",\"contentUrl\":\"http:\/\/www.it.tarnow.pl\/wp-content\/uploads\/2019\/02\/TARNOW-Muzeum-Diecezjalne-400x300.jpg\"},{\"@type\":\"BreadcrumbList\",\"@id\":\"https:\/\/www.it.tarnow.pl\/fr\/attractions\/tarnow-13\/#breadcrumb\",\"itemListElement\":[{\"@type\":\"ListItem\",\"position\":1,\"name\":\"Page d'accueil\",\"item\":\"https:\/\/www.it.tarnow.pl\/fr\/\"},{\"@type\":\"ListItem\",\"position\":2,\"name\":\"Attractions\",\"item\":\"https:\/\/www.it.tarnow.pl\/fr\/attractions\/\"},{\"@type\":\"ListItem\",\"position\":3,\"name\":\"Tarn\u00f3w\"}]},{\"@type\":\"WebSite\",\"@id\":\"https:\/\/www.it.tarnow.pl\/#website\",\"url\":\"https:\/\/www.it.tarnow.pl\/\",\"name\":\"Tarnowskie Centrum Informacji\",\"description\":\"Informacja turystyczna o Tarnowie i regionie tarnowskim.\",\"potentialAction\":[{\"@type\":\"SearchAction\",\"target\":{\"@type\":\"EntryPoint\",\"urlTemplate\":\"https:\/\/www.it.tarnow.pl\/?s={search_term_string}\"},\"query-input\":{\"@type\":\"PropertyValueSpecification\",\"valueRequired\":true,\"valueName\":\"search_term_string\"}}],\"inLanguage\":\"fr-FR\"}]}<\/script>\n<!-- \/ Yoast SEO Premium plugin. -->","yoast_head_json":{"title":"Tarn\u00f3w - Tarnowskie Centrum Informacji","robots":{"index":"index","follow":"follow","max-snippet":"max-snippet:-1","max-image-preview":"max-image-preview:large","max-video-preview":"max-video-preview:-1"},"canonical":"https:\/\/www.it.tarnow.pl\/fr\/attractions\/tarnow-13\/","og_locale":"fr_FR","og_type":"article","og_title":"Tarn\u00f3w","og_description":"A travers la Renaissance de Tarn\u00f3w \u00a0\u00ab\u00a0Perle de la Renaissance\u00a0\u00bb ainsi est appel\u00e9e la Vieille Ville de Tarn\u00f3w par d&rsquo;\u00e9minents connaisseurs de l&rsquo;art. Tarn\u00f3w, au temps de la Renaissance \u00e9tait [&hellip;]","og_url":"https:\/\/www.it.tarnow.pl\/fr\/attractions\/tarnow-13\/","og_site_name":"Tarnowskie Centrum Informacji","article_modified_time":"2021-11-18T12:45:48+00:00","og_image":[{"url":"http:\/\/www.it.tarnow.pl\/wp-content\/uploads\/2019\/02\/TARNOW-Muzeum-Diecezjalne-400x300.jpg","type":"","width":"","height":""}],"twitter_card":"summary_large_image","twitter_misc":{"Dur\u00e9e de lecture estim\u00e9e":"6 minutes"},"schema":{"@context":"https:\/\/schema.org","@graph":[{"@type":"WebPage","@id":"https:\/\/www.it.tarnow.pl\/fr\/attractions\/tarnow-13\/","url":"https:\/\/www.it.tarnow.pl\/fr\/attractions\/tarnow-13\/","name":"Tarn\u00f3w - Tarnowskie Centrum Informacji","isPartOf":{"@id":"https:\/\/www.it.tarnow.pl\/#website"},"primaryImageOfPage":{"@id":"https:\/\/www.it.tarnow.pl\/fr\/attractions\/tarnow-13\/#primaryimage"},"image":{"@id":"https:\/\/www.it.tarnow.pl\/fr\/attractions\/tarnow-13\/#primaryimage"},"thumbnailUrl":"http:\/\/www.it.tarnow.pl\/wp-content\/uploads\/2019\/02\/TARNOW-Muzeum-Diecezjalne-400x300.jpg","datePublished":"2010-08-25T09:46:25+00:00","dateModified":"2021-11-18T12:45:48+00:00","breadcrumb":{"@id":"https:\/\/www.it.tarnow.pl\/fr\/attractions\/tarnow-13\/#breadcrumb"},"inLanguage":"fr-FR","potentialAction":[{"@type":"ReadAction","target":["https:\/\/www.it.tarnow.pl\/fr\/attractions\/tarnow-13\/"]}]},{"@type":"ImageObject","inLanguage":"fr-FR","@id":"https:\/\/www.it.tarnow.pl\/fr\/attractions\/tarnow-13\/#primaryimage","url":"http:\/\/www.it.tarnow.pl\/wp-content\/uploads\/2019\/02\/TARNOW-Muzeum-Diecezjalne-400x300.jpg","contentUrl":"http:\/\/www.it.tarnow.pl\/wp-content\/uploads\/2019\/02\/TARNOW-Muzeum-Diecezjalne-400x300.jpg"},{"@type":"BreadcrumbList","@id":"https:\/\/www.it.tarnow.pl\/fr\/attractions\/tarnow-13\/#breadcrumb","itemListElement":[{"@type":"ListItem","position":1,"name":"Page d'accueil","item":"https:\/\/www.it.tarnow.pl\/fr\/"},{"@type":"ListItem","position":2,"name":"Attractions","item":"https:\/\/www.it.tarnow.pl\/fr\/attractions\/"},{"@type":"ListItem","position":3,"name":"Tarn\u00f3w"}]},{"@type":"WebSite","@id":"https:\/\/www.it.tarnow.pl\/#website","url":"https:\/\/www.it.tarnow.pl\/","name":"Tarnowskie Centrum Informacji","description":"Informacja turystyczna o Tarnowie i regionie tarnowskim.","potentialAction":[{"@type":"SearchAction","target":{"@type":"EntryPoint","urlTemplate":"https:\/\/www.it.tarnow.pl\/?s={search_term_string}"},"query-input":{"@type":"PropertyValueSpecification","valueRequired":true,"valueName":"search_term_string"}}],"inLanguage":"fr-FR"}]}},"_links":{"self":[{"href":"https:\/\/www.it.tarnow.pl\/fr\/wp-json\/wp\/v2\/pages\/9993","targetHints":{"allow":["GET"]}}],"collection":[{"href":"https:\/\/www.it.tarnow.pl\/fr\/wp-json\/wp\/v2\/pages"}],"about":[{"href":"https:\/\/www.it.tarnow.pl\/fr\/wp-json\/wp\/v2\/types\/page"}],"author":[{"embeddable":true,"href":"https:\/\/www.it.tarnow.pl\/fr\/wp-json\/wp\/v2\/users\/1"}],"replies":[{"embeddable":true,"href":"https:\/\/www.it.tarnow.pl\/fr\/wp-json\/wp\/v2\/comments?post=9993"}],"version-history":[{"count":0,"href":"https:\/\/www.it.tarnow.pl\/fr\/wp-json\/wp\/v2\/pages\/9993\/revisions"}],"up":[{"embeddable":true,"href":"https:\/\/www.it.tarnow.pl\/fr\/wp-json\/wp\/v2\/pages\/9990"}],"wp:attachment":[{"href":"https:\/\/www.it.tarnow.pl\/fr\/wp-json\/wp\/v2\/media?parent=9993"}],"wp:term":[{"taxonomy":"post_tag","embeddable":true,"href":"https:\/\/www.it.tarnow.pl\/fr\/wp-json\/wp\/v2\/tags?post=9993"}],"curies":[{"name":"wp","href":"https:\/\/api.w.org\/{rel}","templated":true}]}}