{"id":9806,"date":"2010-08-10T11:22:47","date_gmt":"2010-08-10T09:22:47","guid":{"rendered":"http:\/\/www.it.tarnow.pl\/und-viel-viel-mehr\/"},"modified":"2021-11-20T13:50:16","modified_gmt":"2021-11-20T12:50:16","slug":"und-viel-viel-mehr","status":"publish","type":"page","link":"https:\/\/www.it.tarnow.pl\/de\/es-ist-sehenswert\/wussten-sie-dass\/und-viel-viel-mehr\/","title":{"rendered":"und viel viel mehr&#8230;"},"content":{"rendered":"<p><b>Tarn\u00f3w ist der &#8222;W\u00e4rmepol&#8220; Polens<\/b><br \/>\r\nDie Jahresdurchnittstemperatur liegt bei 8,8o C und ist die h\u00f6chste in Polen.<\/p>\r\n<p>&nbsp;<\/p>\r\n<p><img loading=\"lazy\" decoding=\"async\" width=\"250\" height=\"250\" class=\"size-small alignleft wp-image-21198\" src=\"http:\/\/www.it.tarnow.pl\/wp-content\/uploads\/2019\/02\/TARNOW-Bazylika-katedralna-05-250x250.jpg\" alt=\"\" srcset=\"https:\/\/www.it.tarnow.pl\/wp-content\/uploads\/2019\/02\/TARNOW-Bazylika-katedralna-05-250x250.jpg 250w, https:\/\/www.it.tarnow.pl\/wp-content\/uploads\/2019\/02\/TARNOW-Bazylika-katedralna-05-150x150.jpg 150w\" sizes=\"auto, (max-width: 250px) 100vw, 250px\" \/><\/p>\r\n<p><b>Die h\u00f6chsten Grabdenkm\u00e4ler<\/b><br \/>\r\nIn der Tarnower Basilikakathedrale kann man monumentale Gotik-Renaissance-Grabdenkm\u00e4ler bewundern, die dem Geschlecht der Familie Tarnowski angeh\u00f6ren, sowie ein Barock- Grabdenkmal, welches dem Geschlecht der Familie Ostrogski angeh\u00f6rt.<\/p>\r\n<p>&nbsp;<\/p>\r\n<p>&nbsp;<\/p>\r\n<p><img loading=\"lazy\" decoding=\"async\" width=\"150\" height=\"150\" class=\"size-small alignleft wp-image-21193\" src=\"http:\/\/www.it.tarnow.pl\/wp-content\/uploads\/2019\/02\/P4138248m-150x150.jpg\" alt=\"\" \/><\/p>\r\n<p><b>Die h\u00f6chsten Osterpalmen<\/b><br \/>\r\nLipnica Murowana, das kleine Dorf mit dem mittelalterlichen st\u00e4dtischen Aufbau ist ber\u00fchmt f\u00fcr den j\u00e4hrlichen Osterpalmen- Wettbewerb. Die gr\u00f6ssten Palmen sind fast 30 Meter hoch.<\/p>\r\n<p style=\"text-align: left;\">\u00a0<\/p>\r\n<p style=\"text-align: left;\">\u00a0<\/p>\r\n<p style=\"text-align: left;\">\u00a0<\/p>\r\n<p style=\"text-align: left;\">\u00a0<\/p>\r\n<p style=\"text-align: left;\">\u00a0<\/p>\r\n<p>&nbsp;<\/p>\r\n<p><img loading=\"lazy\" decoding=\"async\" width=\"103\" height=\"150\" class=\"size-small alignleft wp-image-21188\" src=\"http:\/\/www.it.tarnow.pl\/wp-content\/uploads\/2019\/02\/70_2-103x150.jpg\" alt=\"\" \/><\/p>\r\n<p><b>Das \u00e4lteste in Europa Salzunternehmen, das schon ununterbrochen \u00fcber 750 Jahre in Betrieb ist<\/b><br \/>\r\nDie Salzmiene in Bochnia ist eine der \u00e4ltesten Salzmienen in Polen (\u00e4lter als die in Wieliczka) und stellt die \u00e4lteste Produktion in Europa dar, die seit 750 Jahren ununterbrochen funktionierte.<br \/>\r\nSeit ein paar Jahren laedt die Salzmiene in Bochnia Touristen in diese Unterwelt ein. Als Resultat des Bergbaus war, dass der Irrgarten der Salinen- Korridore und Zimmern ins Laufen gebracht wurde. Die Wanderung entlang der Korridore 300m unter der Erde, verleiht einem ein unvergleichbar \u00e4sthetisches Sensationsgef\u00fchl.<\/p>\r\n<p>&nbsp;<\/p>\r\n<p>&nbsp;<\/p>\r\n<p>&nbsp;<\/p>\r\n<p>&nbsp;<\/p>\r\n<p><img loading=\"lazy\" decoding=\"async\" class=\"alignleft wp-image-187235 size-medium\" src=\"http:\/\/www.it.tarnow.pl\/wp-content\/uploads\/2020\/04\/Muzuem-Etnograficzne-w-Tarnowie-17-400x225.jpg\" alt=\"\" width=\"400\" height=\"225\" \/><\/p>\r\n<p><b>Die einzige in Europa befindliche Dauerausstellung, die der Geschichte und der Kultur von Roma gewidmet ist<\/b><br \/>\r\nDas Ethnographische Museum in Tarnow befindet sich in einem Herrenhaus, das auf die Wende zwischen dem 18. und dem 19. Jh. zur\u00fcckdatiert. Die in Europa einzige permanente Austellung der Geschichte und Kultur der Zigeuner wird hier pr\u00e4sentiert..<\/p>\r\n<p>&nbsp;<\/p>\r\n<p>&nbsp;<\/p>\r\n<p><b>Tarn\u00f3w ist eine kulturreiche Stadt<\/b><br \/>\r\nIm Verlauf der Jahrhunderte wurde die Stadt durch Polen, Juden, Deutsche, Ukrainer, Schotten, Roma und \u0102\u2013sterreicher bewohnt. Jede Nationalit\u00e4t und Kultur hinterlie\u00df ihre Spuren in der Geschichte der Stadt.<\/p>\r\n<p>&nbsp;<\/p>\r\n<p><b>Die Karpaten beginnen in Tarn\u00f3w<\/b><br \/>\r\nDer ausgepr\u00e4gteste n\u00f6rdliche Teil der Karpaten ist der Berg des Heiligen Martin, welcher sich in den Verwaltungsgrenzen der Stadt befindet.<\/p>\r\n<p>&nbsp;<\/p>\r\n<p><b>Tarn\u00f3w ist die polnische Hauptstadt des Comedies<\/b><br \/>\r\nSeit fast 15 Jahren organisiert das Tarnower Ludwig Solski Theater jedes Jahr im Oktober ein Kom\u00f6dienfestival. Das Festival hat seit einigen Jahren einen internationalen Charakter, so dass nicht nur Schauspieler aus polnischen Theatern die Zuschauer erheitern bis die Tr\u00e4nen flie\u00dfen, sondern auch Schauspieler aus dem Ausland.<\/p>","protected":false},"excerpt":{"rendered":"Tarn\u00f3w ist der &#8222;W\u00e4rmepol&#8220; Polens Die Jahresdurchnittstemperatur liegt bei 8,8o C und ist die h\u00f6chste in Polen. &nbsp; Die h\u00f6chsten Grabdenkm\u00e4ler In der Tarnower Basilikakathedrale kann man monumentale Gotik-Renaissance-Grabdenkm\u00e4ler bewundern, [&hellip;]","protected":false},"author":1,"featured_media":0,"parent":9794,"menu_order":405,"comment_status":"closed","ping_status":"closed","template":"","meta":{"_acf_changed":false,"footnotes":""},"tags":[],"class_list":["post-9806","page","type-page","status-publish","hentry"],"acf":{"old_object_id":"5630","old_parent_id":"5620","old_url":"Es-ist-sehenswert\/Wussten-Sie-dass\/und-viel-viel-mehr","intro_text":"<p>Tarn\u00f3w ist der &#8222;W\u00e4rmepol&#8220; Polens, Die h\u00f6chsten Osterpalmen, Die h\u00f6chsten Grabdenkm\u00e4ler, Das \u00e4lteste in Europa Salzunternehmen, das schon ununterbrochen \u00fcber 750 Jahre in Betrieb ist, Die einzige in Europa befindliche Dauerausstellung, die der Geschichte und der Kultur von Roma gewidmet ist, Tarn\u00f3w ist eine kulturreiche Stadt, Die Karpaten beginnen in Tarn\u00f3w, Tarn\u00f3w ist die polnische Hauptstadt des Comedies<\/p>\n","class":"article","type":"single","in_menu":true,"show_date":false,"map":"","old_id":"","rooms_info":"","top_column":"","left_column":"","right_column":"","bottom_column":"","show_children":"","skip_import":false,"_menu_related_id":"96107"},"yoast_head":"<!-- This site is optimized with the Yoast SEO Premium plugin v25.4 (Yoast SEO v25.4) - https:\/\/yoast.com\/wordpress\/plugins\/seo\/ -->\n<title>und viel viel mehr... - Tarnowskie Centrum Informacji<\/title>\n<meta name=\"robots\" content=\"index, follow, max-snippet:-1, max-image-preview:large, max-video-preview:-1\" \/>\n<link rel=\"canonical\" href=\"https:\/\/www.it.tarnow.pl\/de\/es-ist-sehenswert\/wussten-sie-dass\/und-viel-viel-mehr\/\" \/>\n<meta property=\"og:locale\" content=\"de_DE\" \/>\n<meta property=\"og:type\" content=\"article\" \/>\n<meta property=\"og:title\" content=\"und viel viel mehr...\" \/>\n<meta property=\"og:description\" content=\"Tarn\u00f3w ist der &#8222;W\u00e4rmepol&#8220; Polens Die Jahresdurchnittstemperatur liegt bei 8,8o C und ist die h\u00f6chste in Polen. &nbsp; Die h\u00f6chsten Grabdenkm\u00e4ler In der Tarnower Basilikakathedrale kann man monumentale Gotik-Renaissance-Grabdenkm\u00e4ler bewundern, [&hellip;]\" \/>\n<meta property=\"og:url\" content=\"https:\/\/www.it.tarnow.pl\/de\/es-ist-sehenswert\/wussten-sie-dass\/und-viel-viel-mehr\/\" \/>\n<meta property=\"og:site_name\" content=\"Tarnowskie Centrum Informacji\" \/>\n<meta property=\"article:modified_time\" content=\"2021-11-20T12:50:16+00:00\" \/>\n<meta property=\"og:image\" content=\"http:\/\/www.it.tarnow.pl\/wp-content\/uploads\/2019\/02\/TARNOW-Bazylika-katedralna-05-250x250.jpg\" \/>\n<meta name=\"twitter:card\" content=\"summary_large_image\" \/>\n<meta name=\"twitter:label1\" content=\"Gesch\u00e4tzte Lesezeit\" \/>\n\t<meta name=\"twitter:data1\" content=\"2\u00a0Minuten\" \/>\n<script type=\"application\/ld+json\" class=\"yoast-schema-graph\">{\"@context\":\"https:\/\/schema.org\",\"@graph\":[{\"@type\":\"WebPage\",\"@id\":\"https:\/\/www.it.tarnow.pl\/de\/es-ist-sehenswert\/wussten-sie-dass\/und-viel-viel-mehr\/\",\"url\":\"https:\/\/www.it.tarnow.pl\/de\/es-ist-sehenswert\/wussten-sie-dass\/und-viel-viel-mehr\/\",\"name\":\"und viel viel mehr... - Tarnowskie Centrum Informacji\",\"isPartOf\":{\"@id\":\"https:\/\/www.it.tarnow.pl\/#website\"},\"primaryImageOfPage\":{\"@id\":\"https:\/\/www.it.tarnow.pl\/de\/es-ist-sehenswert\/wussten-sie-dass\/und-viel-viel-mehr\/#primaryimage\"},\"image\":{\"@id\":\"https:\/\/www.it.tarnow.pl\/de\/es-ist-sehenswert\/wussten-sie-dass\/und-viel-viel-mehr\/#primaryimage\"},\"thumbnailUrl\":\"http:\/\/www.it.tarnow.pl\/wp-content\/uploads\/2019\/02\/TARNOW-Bazylika-katedralna-05-250x250.jpg\",\"datePublished\":\"2010-08-10T09:22:47+00:00\",\"dateModified\":\"2021-11-20T12:50:16+00:00\",\"breadcrumb\":{\"@id\":\"https:\/\/www.it.tarnow.pl\/de\/es-ist-sehenswert\/wussten-sie-dass\/und-viel-viel-mehr\/#breadcrumb\"},\"inLanguage\":\"de\",\"potentialAction\":[{\"@type\":\"ReadAction\",\"target\":[\"https:\/\/www.it.tarnow.pl\/de\/es-ist-sehenswert\/wussten-sie-dass\/und-viel-viel-mehr\/\"]}]},{\"@type\":\"ImageObject\",\"inLanguage\":\"de\",\"@id\":\"https:\/\/www.it.tarnow.pl\/de\/es-ist-sehenswert\/wussten-sie-dass\/und-viel-viel-mehr\/#primaryimage\",\"url\":\"http:\/\/www.it.tarnow.pl\/wp-content\/uploads\/2019\/02\/TARNOW-Bazylika-katedralna-05-250x250.jpg\",\"contentUrl\":\"http:\/\/www.it.tarnow.pl\/wp-content\/uploads\/2019\/02\/TARNOW-Bazylika-katedralna-05-250x250.jpg\"},{\"@type\":\"BreadcrumbList\",\"@id\":\"https:\/\/www.it.tarnow.pl\/de\/es-ist-sehenswert\/wussten-sie-dass\/und-viel-viel-mehr\/#breadcrumb\",\"itemListElement\":[{\"@type\":\"ListItem\",\"position\":1,\"name\":\"Homepage\",\"item\":\"https:\/\/www.it.tarnow.pl\/de\/\"},{\"@type\":\"ListItem\",\"position\":2,\"name\":\"Es ist sehenswert\",\"item\":\"https:\/\/www.it.tarnow.pl\/de\/es-ist-sehenswert\/\"},{\"@type\":\"ListItem\",\"position\":3,\"name\":\"Wussten Sie, dass&#8230;?\",\"item\":\"https:\/\/www.it.tarnow.pl\/de\/es-ist-sehenswert\/wussten-sie-dass\/\"},{\"@type\":\"ListItem\",\"position\":4,\"name\":\"und viel viel mehr&#8230;\"}]},{\"@type\":\"WebSite\",\"@id\":\"https:\/\/www.it.tarnow.pl\/#website\",\"url\":\"https:\/\/www.it.tarnow.pl\/\",\"name\":\"Tarnowskie Centrum Informacji\",\"description\":\"Informacja turystyczna o Tarnowie i regionie tarnowskim.\",\"potentialAction\":[{\"@type\":\"SearchAction\",\"target\":{\"@type\":\"EntryPoint\",\"urlTemplate\":\"https:\/\/www.it.tarnow.pl\/?s={search_term_string}\"},\"query-input\":{\"@type\":\"PropertyValueSpecification\",\"valueRequired\":true,\"valueName\":\"search_term_string\"}}],\"inLanguage\":\"de\"}]}<\/script>\n<!-- \/ Yoast SEO Premium plugin. -->","yoast_head_json":{"title":"und viel viel mehr... - Tarnowskie Centrum Informacji","robots":{"index":"index","follow":"follow","max-snippet":"max-snippet:-1","max-image-preview":"max-image-preview:large","max-video-preview":"max-video-preview:-1"},"canonical":"https:\/\/www.it.tarnow.pl\/de\/es-ist-sehenswert\/wussten-sie-dass\/und-viel-viel-mehr\/","og_locale":"de_DE","og_type":"article","og_title":"und viel viel mehr...","og_description":"Tarn\u00f3w ist der &#8222;W\u00e4rmepol&#8220; Polens Die Jahresdurchnittstemperatur liegt bei 8,8o C und ist die h\u00f6chste in Polen. &nbsp; Die h\u00f6chsten Grabdenkm\u00e4ler In der Tarnower Basilikakathedrale kann man monumentale Gotik-Renaissance-Grabdenkm\u00e4ler bewundern, [&hellip;]","og_url":"https:\/\/www.it.tarnow.pl\/de\/es-ist-sehenswert\/wussten-sie-dass\/und-viel-viel-mehr\/","og_site_name":"Tarnowskie Centrum Informacji","article_modified_time":"2021-11-20T12:50:16+00:00","og_image":[{"url":"http:\/\/www.it.tarnow.pl\/wp-content\/uploads\/2019\/02\/TARNOW-Bazylika-katedralna-05-250x250.jpg","type":"","width":"","height":""}],"twitter_card":"summary_large_image","twitter_misc":{"Gesch\u00e4tzte Lesezeit":"2\u00a0Minuten"},"schema":{"@context":"https:\/\/schema.org","@graph":[{"@type":"WebPage","@id":"https:\/\/www.it.tarnow.pl\/de\/es-ist-sehenswert\/wussten-sie-dass\/und-viel-viel-mehr\/","url":"https:\/\/www.it.tarnow.pl\/de\/es-ist-sehenswert\/wussten-sie-dass\/und-viel-viel-mehr\/","name":"und viel viel mehr... - Tarnowskie Centrum Informacji","isPartOf":{"@id":"https:\/\/www.it.tarnow.pl\/#website"},"primaryImageOfPage":{"@id":"https:\/\/www.it.tarnow.pl\/de\/es-ist-sehenswert\/wussten-sie-dass\/und-viel-viel-mehr\/#primaryimage"},"image":{"@id":"https:\/\/www.it.tarnow.pl\/de\/es-ist-sehenswert\/wussten-sie-dass\/und-viel-viel-mehr\/#primaryimage"},"thumbnailUrl":"http:\/\/www.it.tarnow.pl\/wp-content\/uploads\/2019\/02\/TARNOW-Bazylika-katedralna-05-250x250.jpg","datePublished":"2010-08-10T09:22:47+00:00","dateModified":"2021-11-20T12:50:16+00:00","breadcrumb":{"@id":"https:\/\/www.it.tarnow.pl\/de\/es-ist-sehenswert\/wussten-sie-dass\/und-viel-viel-mehr\/#breadcrumb"},"inLanguage":"de","potentialAction":[{"@type":"ReadAction","target":["https:\/\/www.it.tarnow.pl\/de\/es-ist-sehenswert\/wussten-sie-dass\/und-viel-viel-mehr\/"]}]},{"@type":"ImageObject","inLanguage":"de","@id":"https:\/\/www.it.tarnow.pl\/de\/es-ist-sehenswert\/wussten-sie-dass\/und-viel-viel-mehr\/#primaryimage","url":"http:\/\/www.it.tarnow.pl\/wp-content\/uploads\/2019\/02\/TARNOW-Bazylika-katedralna-05-250x250.jpg","contentUrl":"http:\/\/www.it.tarnow.pl\/wp-content\/uploads\/2019\/02\/TARNOW-Bazylika-katedralna-05-250x250.jpg"},{"@type":"BreadcrumbList","@id":"https:\/\/www.it.tarnow.pl\/de\/es-ist-sehenswert\/wussten-sie-dass\/und-viel-viel-mehr\/#breadcrumb","itemListElement":[{"@type":"ListItem","position":1,"name":"Homepage","item":"https:\/\/www.it.tarnow.pl\/de\/"},{"@type":"ListItem","position":2,"name":"Es ist sehenswert","item":"https:\/\/www.it.tarnow.pl\/de\/es-ist-sehenswert\/"},{"@type":"ListItem","position":3,"name":"Wussten Sie, dass&#8230;?","item":"https:\/\/www.it.tarnow.pl\/de\/es-ist-sehenswert\/wussten-sie-dass\/"},{"@type":"ListItem","position":4,"name":"und viel viel mehr&#8230;"}]},{"@type":"WebSite","@id":"https:\/\/www.it.tarnow.pl\/#website","url":"https:\/\/www.it.tarnow.pl\/","name":"Tarnowskie Centrum Informacji","description":"Informacja turystyczna o Tarnowie i regionie tarnowskim.","potentialAction":[{"@type":"SearchAction","target":{"@type":"EntryPoint","urlTemplate":"https:\/\/www.it.tarnow.pl\/?s={search_term_string}"},"query-input":{"@type":"PropertyValueSpecification","valueRequired":true,"valueName":"search_term_string"}}],"inLanguage":"de"}]}},"_links":{"self":[{"href":"https:\/\/www.it.tarnow.pl\/de\/wp-json\/wp\/v2\/pages\/9806","targetHints":{"allow":["GET"]}}],"collection":[{"href":"https:\/\/www.it.tarnow.pl\/de\/wp-json\/wp\/v2\/pages"}],"about":[{"href":"https:\/\/www.it.tarnow.pl\/de\/wp-json\/wp\/v2\/types\/page"}],"author":[{"embeddable":true,"href":"https:\/\/www.it.tarnow.pl\/de\/wp-json\/wp\/v2\/users\/1"}],"replies":[{"embeddable":true,"href":"https:\/\/www.it.tarnow.pl\/de\/wp-json\/wp\/v2\/comments?post=9806"}],"version-history":[{"count":0,"href":"https:\/\/www.it.tarnow.pl\/de\/wp-json\/wp\/v2\/pages\/9806\/revisions"}],"up":[{"embeddable":true,"href":"https:\/\/www.it.tarnow.pl\/de\/wp-json\/wp\/v2\/pages\/9794"}],"wp:attachment":[{"href":"https:\/\/www.it.tarnow.pl\/de\/wp-json\/wp\/v2\/media?parent=9806"}],"wp:term":[{"taxonomy":"post_tag","embeddable":true,"href":"https:\/\/www.it.tarnow.pl\/de\/wp-json\/wp\/v2\/tags?post=9806"}],"curies":[{"name":"wp","href":"https:\/\/api.w.org\/{rel}","templated":true}]}}